{"id":7906,"date":"2020-05-22T13:27:02","date_gmt":"2020-05-22T13:27:02","guid":{"rendered":"https:\/\/premioluisvaltuena.org\/ganador\/%edicion%\/jose-palazon-osma\/paisajes-de-desolacion\/"},"modified":"2020-05-22T17:07:50","modified_gmt":"2020-05-22T17:07:50","slug":"paisajes-de-desolacion","status":"publish","type":"ganadores","link":"https:\/\/premioluisvaltuena.org\/en\/ganador\/2014\/jose-palazon-osma\/paisajes-de-desolacion\/","title":{"rendered":"Desolate Landscapes"},"content":{"rendered":"\n<p>Ceuta and Melilla are the only points of contact on land between Africa and Europe. The migratory tension there is colossal, differences in the standard of living are gaping, and social and human relations there are often shameful. Like elsewhere in Europe, these differences end up being accepted as normal and inevitable.<\/p>\n\n\n\n<p>The photograph was taken in Melilla on 22 October at about 11:15 in the morning. A group of immigrants in the area bordering the city\u2019s controversial golf course had attempted to jump the fence. A bizarre situation ensued. A dozen immigrants up on the fence were crowded together in the clutches of fear of the ostensibly indifferent golf players just a few meters away.<\/p>\n\n\n\n<p>The image would be tremendously significant and moving for anyone who could see it. It would break with the traditional images that had been disseminated thus far, i.e. immigrants on the fence and physical violence\u2026 Aware of the image\u2019s potency for awareness-raising and denouncement, the<br>photographer\u2019s immediate reaction was to shoot.<\/p>\n\n\n","protected":false},"excerpt":{"rendered":"<p>Ceuta and Melilla are the only points of contact on land between Africa and Europe. The migratory tension there is colossal, differences in the standard of living are gaping, and social and human relations there are often shameful. Like elsewhere in Europe, these differences end up being accepted as normal and inevitable. The photograph was<\/p>\n","protected":false},"author":40,"featured_media":7903,"menu_order":51,"template":"","format":"standard","meta":{"_acf_changed":false,"inline_featured_image":false,"_monsterinsights_skip_tracking":false,"_monsterinsights_sitenote_active":false,"_monsterinsights_sitenote_note":"","_monsterinsights_sitenote_category":0,"footnotes":""},"edicion":[205],"class_list":["post-7906","ganadores","type-ganadores","status-publish","format-standard","has-post-thumbnail","hentry","edicion-205"],"acf":[],"yoast_head":"<!-- This site is optimized with the Yoast SEO plugin v27.5 - https:\/\/yoast.com\/product\/yoast-seo-wordpress\/ -->\n<title>Jos\u00e9 Palaz\u00f3n Osma - Desolate Landscapes - Premio Luis Valtue\u00f1a<\/title>\n<meta name=\"robots\" content=\"index, follow, max-snippet:-1, max-image-preview:large, max-video-preview:-1\" \/>\n<link rel=\"canonical\" href=\"https:\/\/premioluisvaltuena.org\/en\/ganador\/2014\/jose-palazon-osma\/paisajes-de-desolacion\/\" \/>\n<meta property=\"og:locale\" content=\"en_US\" \/>\n<meta property=\"og:type\" content=\"article\" \/>\n<meta property=\"og:title\" content=\"Jos\u00e9 Palaz\u00f3n Osma - Desolate Landscapes - Premio Luis Valtue\u00f1a\" \/>\n<meta property=\"og:description\" content=\"Ceuta and Melilla are the only points of contact on land between Africa and Europe. The migratory tension there is colossal, differences in the standard of living are gaping, and social and human relations there are often shameful. Like elsewhere in Europe, these differences end up being accepted as normal and inevitable. The photograph was\" \/>\n<meta property=\"og:url\" content=\"https:\/\/premioluisvaltuena.org\/en\/ganador\/2014\/jose-palazon-osma\/paisajes-de-desolacion\/\" \/>\n<meta property=\"og:site_name\" content=\"Premio Luis Valtue\u00f1a\" \/>\n<meta property=\"article:publisher\" content=\"https:\/\/www.facebook.com\/premioluisvaltuena\/\" \/>\n<meta property=\"article:modified_time\" content=\"2020-05-22T17:07:50+00:00\" \/>\n<meta property=\"og:image\" content=\"https:\/\/premioluisvaltuena.org\/wp-content\/uploads\/2020\/05\/jose-palazon-ganador-2014.jpg\" \/>\n\t<meta property=\"og:image:width\" content=\"1980\" \/>\n\t<meta property=\"og:image:height\" content=\"1485\" \/>\n\t<meta property=\"og:image:type\" content=\"image\/jpeg\" \/>\n<meta name=\"twitter:card\" content=\"summary_large_image\" \/>\n<meta name=\"twitter:label1\" content=\"Est. reading time\" \/>\n\t<meta name=\"twitter:data1\" content=\"1 minute\" \/>\n<script type=\"application\/ld+json\" class=\"yoast-schema-graph\">{\"@context\":\"https:\\\/\\\/schema.org\",\"@graph\":[{\"@type\":\"WebPage\",\"@id\":\"https:\\\/\\\/premioluisvaltuena.org\\\/en\\\/ganador\\\/2014\\\/jose-palazon-osma\\\/paisajes-de-desolacion\\\/\",\"url\":\"https:\\\/\\\/premioluisvaltuena.org\\\/en\\\/ganador\\\/2014\\\/jose-palazon-osma\\\/paisajes-de-desolacion\\\/\",\"name\":\"Jos\u00e9 Palaz\u00f3n Osma - Desolate Landscapes - Premio Luis Valtue\u00f1a\",\"isPartOf\":{\"@id\":\"https:\\\/\\\/premioluisvaltuena.org\\\/#website\"},\"primaryImageOfPage\":{\"@id\":\"https:\\\/\\\/premioluisvaltuena.org\\\/en\\\/ganador\\\/2014\\\/jose-palazon-osma\\\/paisajes-de-desolacion\\\/#primaryimage\"},\"image\":{\"@id\":\"https:\\\/\\\/premioluisvaltuena.org\\\/en\\\/ganador\\\/2014\\\/jose-palazon-osma\\\/paisajes-de-desolacion\\\/#primaryimage\"},\"thumbnailUrl\":\"https:\\\/\\\/premioluisvaltuena.org\\\/wp-content\\\/uploads\\\/2020\\\/05\\\/jose-palazon-ganador-2014.jpg\",\"datePublished\":\"2020-05-22T13:27:02+00:00\",\"dateModified\":\"2020-05-22T17:07:50+00:00\",\"breadcrumb\":{\"@id\":\"https:\\\/\\\/premioluisvaltuena.org\\\/en\\\/ganador\\\/2014\\\/jose-palazon-osma\\\/paisajes-de-desolacion\\\/#breadcrumb\"},\"inLanguage\":\"en-US\",\"potentialAction\":[{\"@type\":\"ReadAction\",\"target\":[\"https:\\\/\\\/premioluisvaltuena.org\\\/en\\\/ganador\\\/2014\\\/jose-palazon-osma\\\/paisajes-de-desolacion\\\/\"]}]},{\"@type\":\"ImageObject\",\"inLanguage\":\"en-US\",\"@id\":\"https:\\\/\\\/premioluisvaltuena.org\\\/en\\\/ganador\\\/2014\\\/jose-palazon-osma\\\/paisajes-de-desolacion\\\/#primaryimage\",\"url\":\"https:\\\/\\\/premioluisvaltuena.org\\\/wp-content\\\/uploads\\\/2020\\\/05\\\/jose-palazon-ganador-2014.jpg\",\"contentUrl\":\"https:\\\/\\\/premioluisvaltuena.org\\\/wp-content\\\/uploads\\\/2020\\\/05\\\/jose-palazon-ganador-2014.jpg\",\"width\":1980,\"height\":1485,\"caption\":\"A group of migrants perched on the Melilla fence in front of the golf course in October 2014.\"},{\"@type\":\"BreadcrumbList\",\"@id\":\"https:\\\/\\\/premioluisvaltuena.org\\\/en\\\/ganador\\\/2014\\\/jose-palazon-osma\\\/paisajes-de-desolacion\\\/#breadcrumb\",\"itemListElement\":[{\"@type\":\"ListItem\",\"position\":1,\"name\":\"Portada\",\"item\":\"https:\\\/\\\/premioluisvaltuena.org\\\/en\\\/\"},{\"@type\":\"ListItem\",\"position\":2,\"name\":\"Desolate Landscapes\"}]},{\"@type\":\"WebSite\",\"@id\":\"https:\\\/\\\/premioluisvaltuena.org\\\/#website\",\"url\":\"https:\\\/\\\/premioluisvaltuena.org\\\/\",\"name\":\"Premio Internacional Luis Valtue\u00f1a Fotograf\u00eda Humanitaria\",\"description\":\"\",\"publisher\":{\"@id\":\"https:\\\/\\\/premioluisvaltuena.org\\\/#organization\"},\"potentialAction\":[{\"@type\":\"SearchAction\",\"target\":{\"@type\":\"EntryPoint\",\"urlTemplate\":\"https:\\\/\\\/premioluisvaltuena.org\\\/?s={search_term_string}\"},\"query-input\":{\"@type\":\"PropertyValueSpecification\",\"valueRequired\":true,\"valueName\":\"search_term_string\"}}],\"inLanguage\":\"en-US\"},{\"@type\":\"Organization\",\"@id\":\"https:\\\/\\\/premioluisvaltuena.org\\\/#organization\",\"name\":\"Premio Internacional Luis Valtue\u00f1a Fotograf\u00eda Humanitaria\",\"url\":\"https:\\\/\\\/premioluisvaltuena.org\\\/\",\"logo\":{\"@type\":\"ImageObject\",\"inLanguage\":\"en-US\",\"@id\":\"https:\\\/\\\/premioluisvaltuena.org\\\/#\\\/schema\\\/logo\\\/image\\\/\",\"url\":\"https:\\\/\\\/premioluisvaltuena.org\\\/wp-content\\\/uploads\\\/2020\\\/08\\\/Logo-2020.png\",\"contentUrl\":\"https:\\\/\\\/premioluisvaltuena.org\\\/wp-content\\\/uploads\\\/2020\\\/08\\\/Logo-2020.png\",\"width\":1920,\"height\":1280,\"caption\":\"Premio Internacional Luis Valtue\u00f1a Fotograf\u00eda Humanitaria\"},\"image\":{\"@id\":\"https:\\\/\\\/premioluisvaltuena.org\\\/#\\\/schema\\\/logo\\\/image\\\/\"},\"sameAs\":[\"https:\\\/\\\/www.facebook.com\\\/premioluisvaltuena\\\/\",\"https:\\\/\\\/www.instagram.com\\\/premioluisvaltuena\\\/\",\"https:\\\/\\\/www.youtube.com\\\/playlist?list=PLXPK1-jJZbACLMAIKz7pej4avPCcdrmkn\",\"https:\\\/\\\/es.wikipedia.org\\\/wiki\\\/Premio_Internacional_Luis_Valtue\u00f1a_de_Fotograf\u00eda_Humanitaria\"]}]}<\/script>\n<!-- \/ Yoast SEO plugin. -->","yoast_head_json":{"title":"Jos\u00e9 Palaz\u00f3n Osma - Desolate Landscapes - Premio Luis Valtue\u00f1a","robots":{"index":"index","follow":"follow","max-snippet":"max-snippet:-1","max-image-preview":"max-image-preview:large","max-video-preview":"max-video-preview:-1"},"canonical":"https:\/\/premioluisvaltuena.org\/en\/ganador\/2014\/jose-palazon-osma\/paisajes-de-desolacion\/","og_locale":"en_US","og_type":"article","og_title":"Jos\u00e9 Palaz\u00f3n Osma - Desolate Landscapes - Premio Luis Valtue\u00f1a","og_description":"Ceuta and Melilla are the only points of contact on land between Africa and Europe. The migratory tension there is colossal, differences in the standard of living are gaping, and social and human relations there are often shameful. Like elsewhere in Europe, these differences end up being accepted as normal and inevitable. The photograph was","og_url":"https:\/\/premioluisvaltuena.org\/en\/ganador\/2014\/jose-palazon-osma\/paisajes-de-desolacion\/","og_site_name":"Premio Luis Valtue\u00f1a","article_publisher":"https:\/\/www.facebook.com\/premioluisvaltuena\/","article_modified_time":"2020-05-22T17:07:50+00:00","og_image":[{"width":1980,"height":1485,"url":"https:\/\/premioluisvaltuena.org\/wp-content\/uploads\/2020\/05\/jose-palazon-ganador-2014.jpg","type":"image\/jpeg"}],"twitter_card":"summary_large_image","twitter_misc":{"Est. reading time":"1 minute"},"schema":{"@context":"https:\/\/schema.org","@graph":[{"@type":"WebPage","@id":"https:\/\/premioluisvaltuena.org\/en\/ganador\/2014\/jose-palazon-osma\/paisajes-de-desolacion\/","url":"https:\/\/premioluisvaltuena.org\/en\/ganador\/2014\/jose-palazon-osma\/paisajes-de-desolacion\/","name":"Jos\u00e9 Palaz\u00f3n Osma - Desolate Landscapes - Premio Luis Valtue\u00f1a","isPartOf":{"@id":"https:\/\/premioluisvaltuena.org\/#website"},"primaryImageOfPage":{"@id":"https:\/\/premioluisvaltuena.org\/en\/ganador\/2014\/jose-palazon-osma\/paisajes-de-desolacion\/#primaryimage"},"image":{"@id":"https:\/\/premioluisvaltuena.org\/en\/ganador\/2014\/jose-palazon-osma\/paisajes-de-desolacion\/#primaryimage"},"thumbnailUrl":"https:\/\/premioluisvaltuena.org\/wp-content\/uploads\/2020\/05\/jose-palazon-ganador-2014.jpg","datePublished":"2020-05-22T13:27:02+00:00","dateModified":"2020-05-22T17:07:50+00:00","breadcrumb":{"@id":"https:\/\/premioluisvaltuena.org\/en\/ganador\/2014\/jose-palazon-osma\/paisajes-de-desolacion\/#breadcrumb"},"inLanguage":"en-US","potentialAction":[{"@type":"ReadAction","target":["https:\/\/premioluisvaltuena.org\/en\/ganador\/2014\/jose-palazon-osma\/paisajes-de-desolacion\/"]}]},{"@type":"ImageObject","inLanguage":"en-US","@id":"https:\/\/premioluisvaltuena.org\/en\/ganador\/2014\/jose-palazon-osma\/paisajes-de-desolacion\/#primaryimage","url":"https:\/\/premioluisvaltuena.org\/wp-content\/uploads\/2020\/05\/jose-palazon-ganador-2014.jpg","contentUrl":"https:\/\/premioluisvaltuena.org\/wp-content\/uploads\/2020\/05\/jose-palazon-ganador-2014.jpg","width":1980,"height":1485,"caption":"A group of migrants perched on the Melilla fence in front of the golf course in October 2014."},{"@type":"BreadcrumbList","@id":"https:\/\/premioluisvaltuena.org\/en\/ganador\/2014\/jose-palazon-osma\/paisajes-de-desolacion\/#breadcrumb","itemListElement":[{"@type":"ListItem","position":1,"name":"Portada","item":"https:\/\/premioluisvaltuena.org\/en\/"},{"@type":"ListItem","position":2,"name":"Desolate Landscapes"}]},{"@type":"WebSite","@id":"https:\/\/premioluisvaltuena.org\/#website","url":"https:\/\/premioluisvaltuena.org\/","name":"Premio Internacional Luis Valtue\u00f1a Fotograf\u00eda Humanitaria","description":"","publisher":{"@id":"https:\/\/premioluisvaltuena.org\/#organization"},"potentialAction":[{"@type":"SearchAction","target":{"@type":"EntryPoint","urlTemplate":"https:\/\/premioluisvaltuena.org\/?s={search_term_string}"},"query-input":{"@type":"PropertyValueSpecification","valueRequired":true,"valueName":"search_term_string"}}],"inLanguage":"en-US"},{"@type":"Organization","@id":"https:\/\/premioluisvaltuena.org\/#organization","name":"Premio Internacional Luis Valtue\u00f1a Fotograf\u00eda Humanitaria","url":"https:\/\/premioluisvaltuena.org\/","logo":{"@type":"ImageObject","inLanguage":"en-US","@id":"https:\/\/premioluisvaltuena.org\/#\/schema\/logo\/image\/","url":"https:\/\/premioluisvaltuena.org\/wp-content\/uploads\/2020\/08\/Logo-2020.png","contentUrl":"https:\/\/premioluisvaltuena.org\/wp-content\/uploads\/2020\/08\/Logo-2020.png","width":1920,"height":1280,"caption":"Premio Internacional Luis Valtue\u00f1a Fotograf\u00eda Humanitaria"},"image":{"@id":"https:\/\/premioluisvaltuena.org\/#\/schema\/logo\/image\/"},"sameAs":["https:\/\/www.facebook.com\/premioluisvaltuena\/","https:\/\/www.instagram.com\/premioluisvaltuena\/","https:\/\/www.youtube.com\/playlist?list=PLXPK1-jJZbACLMAIKz7pej4avPCcdrmkn","https:\/\/es.wikipedia.org\/wiki\/Premio_Internacional_Luis_Valtue\u00f1a_de_Fotograf\u00eda_Humanitaria"]}]}},"_links":{"self":[{"href":"https:\/\/premioluisvaltuena.org\/en\/wp-json\/wp\/v2\/ganadores\/7906","targetHints":{"allow":["GET"]}}],"collection":[{"href":"https:\/\/premioluisvaltuena.org\/en\/wp-json\/wp\/v2\/ganadores"}],"about":[{"href":"https:\/\/premioluisvaltuena.org\/en\/wp-json\/wp\/v2\/types\/ganadores"}],"author":[{"embeddable":true,"href":"https:\/\/premioluisvaltuena.org\/en\/wp-json\/wp\/v2\/users\/40"}],"version-history":[{"count":3,"href":"https:\/\/premioluisvaltuena.org\/en\/wp-json\/wp\/v2\/ganadores\/7906\/revisions"}],"predecessor-version":[{"id":7909,"href":"https:\/\/premioluisvaltuena.org\/en\/wp-json\/wp\/v2\/ganadores\/7906\/revisions\/7909"}],"wp:featuredmedia":[{"embeddable":true,"href":"https:\/\/premioluisvaltuena.org\/en\/wp-json\/wp\/v2\/media\/7903"}],"wp:attachment":[{"href":"https:\/\/premioluisvaltuena.org\/en\/wp-json\/wp\/v2\/media?parent=7906"}],"wp:term":[{"taxonomy":"edicion","embeddable":true,"href":"https:\/\/premioluisvaltuena.org\/en\/wp-json\/wp\/v2\/edicion?post=7906"}],"curies":[{"name":"wp","href":"https:\/\/api.w.org\/{rel}","templated":true}]}}