{"id":4326,"date":"2020-02-12T22:15:50","date_gmt":"2020-02-12T22:15:50","guid":{"rendered":"https:\/\/premioluisvaltuena.org\/ganador\/%edicion%\/la-soledad-de-maria-contra-la-ley-de-dependencia\/"},"modified":"2020-02-17T13:08:23","modified_gmt":"2020-02-17T13:08:23","slug":"the-loneliness-of-mary-against-the-law-of-dependency","status":"publish","type":"ganadores","link":"https:\/\/premioluisvaltuena.org\/en\/ganador\/2017\/carlos-de-andres\/the-loneliness-of-mary-against-the-law-of-dependency\/","title":{"rendered":"The Loneliness of Mary Against the Law of Dependency"},"content":{"rendered":"\n<p>Mar\u00eda del Palacio lives alone. As a 95-year-old widow she cannot leave her home in Madrid. She suffers from memory loss and struggles to move around independently; therefore, she is physically dependent and requires care and attention. Despite her condition, she does not have authorisation from the Community of Madrid to be urgently moved to a public care home: \u201cShe can walk on her own and eat independently,\u201d is the justification provided by the authorities.<\/p>\n\n\n\n<p>Just like Mar\u00eda, thousands of elderly people suffer both mentally and physically, the consequences of the isolation they find themselves in, while their families, to whom the responsibility falls upon, are also defenceless. This is an homage to the efforts of Mar\u00eda and all those elderly people who, at their age, are neglected by the Spanish State.<\/p>\n\n\n\n<p>This report has been made entirely inside Mar\u00eda\u2019s home in Calle Ervigio, in the Carabanchel area of Madrid (Autonomous Community of Madrid, Spain). It follows her daily life and has been made with her consent. It was finished in December 2016.<\/p>\n\n\n","protected":false},"excerpt":{"rendered":"<p>Mar\u00eda del Palacio lives alone. As a 95-year-old widow she cannot leave her home in Madrid. She suffers from memory loss and struggles to move around independently; therefore, she is physically dependent and requires care and attention. Despite her condition, she does not have authorisation from the Community of Madrid to be urgently moved to<\/p>\n","protected":false},"author":11,"featured_media":4151,"menu_order":45,"template":"","format":"standard","meta":{"_acf_changed":false,"inline_featured_image":false,"_monsterinsights_skip_tracking":false,"_monsterinsights_sitenote_active":false,"_monsterinsights_sitenote_note":"","_monsterinsights_sitenote_category":0,"footnotes":""},"edicion":[201],"class_list":["post-4326","ganadores","type-ganadores","status-publish","format-standard","has-post-thumbnail","hentry","edicion-201"],"acf":[],"yoast_head":"<!-- This site is optimized with the Yoast SEO plugin v27.4 - https:\/\/yoast.com\/product\/yoast-seo-wordpress\/ -->\n<title>Carlos de Andr\u00e9s - The Loneliness of Mary Against the Law of Dependency - Premio Luis Valtue\u00f1a<\/title>\n<meta name=\"robots\" content=\"index, follow, max-snippet:-1, max-image-preview:large, max-video-preview:-1\" \/>\n<link rel=\"canonical\" href=\"https:\/\/premioluisvaltuena.org\/en\/ganador\/2017\/carlos-de-andres\/the-loneliness-of-mary-against-the-law-of-dependency\/\" \/>\n<meta property=\"og:locale\" content=\"en_US\" \/>\n<meta property=\"og:type\" content=\"article\" \/>\n<meta property=\"og:title\" content=\"Carlos de Andr\u00e9s - The Loneliness of Mary Against the Law of Dependency - Premio Luis Valtue\u00f1a\" \/>\n<meta property=\"og:description\" content=\"Mar\u00eda del Palacio lives alone. As a 95-year-old widow she cannot leave her home in Madrid. She suffers from memory loss and struggles to move around independently; therefore, she is physically dependent and requires care and attention. Despite her condition, she does not have authorisation from the Community of Madrid to be urgently moved to\" \/>\n<meta property=\"og:url\" content=\"https:\/\/premioluisvaltuena.org\/en\/ganador\/2017\/carlos-de-andres\/the-loneliness-of-mary-against-the-law-of-dependency\/\" \/>\n<meta property=\"og:site_name\" content=\"Premio Luis Valtue\u00f1a\" \/>\n<meta property=\"article:publisher\" content=\"https:\/\/www.facebook.com\/premioluisvaltuena\/\" \/>\n<meta property=\"article:modified_time\" content=\"2020-02-17T13:08:23+00:00\" \/>\n<meta property=\"og:image\" content=\"https:\/\/premioluisvaltuena.org\/wp-content\/uploads\/2020\/02\/carlos-de-andre\u0301s-ganador-premio-luis-valtuen\u0303a-2017-1.jpg\" \/>\n\t<meta property=\"og:image:width\" content=\"1920\" \/>\n\t<meta property=\"og:image:height\" content=\"1267\" \/>\n\t<meta property=\"og:image:type\" content=\"image\/jpeg\" \/>\n<meta name=\"twitter:card\" content=\"summary_large_image\" \/>\n<meta name=\"twitter:label1\" content=\"Est. reading time\" \/>\n\t<meta name=\"twitter:data1\" content=\"1 minute\" \/>\n<script type=\"application\/ld+json\" class=\"yoast-schema-graph\">{\"@context\":\"https:\\\/\\\/schema.org\",\"@graph\":[{\"@type\":\"WebPage\",\"@id\":\"https:\\\/\\\/premioluisvaltuena.org\\\/en\\\/ganador\\\/2017\\\/carlos-de-andres\\\/the-loneliness-of-mary-against-the-law-of-dependency\\\/\",\"url\":\"https:\\\/\\\/premioluisvaltuena.org\\\/en\\\/ganador\\\/2017\\\/carlos-de-andres\\\/the-loneliness-of-mary-against-the-law-of-dependency\\\/\",\"name\":\"Carlos de Andr\u00e9s - The Loneliness of Mary Against the Law of Dependency - Premio Luis Valtue\u00f1a\",\"isPartOf\":{\"@id\":\"https:\\\/\\\/premioluisvaltuena.org\\\/#website\"},\"primaryImageOfPage\":{\"@id\":\"https:\\\/\\\/premioluisvaltuena.org\\\/en\\\/ganador\\\/2017\\\/carlos-de-andres\\\/the-loneliness-of-mary-against-the-law-of-dependency\\\/#primaryimage\"},\"image\":{\"@id\":\"https:\\\/\\\/premioluisvaltuena.org\\\/en\\\/ganador\\\/2017\\\/carlos-de-andres\\\/the-loneliness-of-mary-against-the-law-of-dependency\\\/#primaryimage\"},\"thumbnailUrl\":\"https:\\\/\\\/premioluisvaltuena.org\\\/wp-content\\\/uploads\\\/2020\\\/02\\\/carlos-de-andre\u0301s-ganador-premio-luis-valtuen\u0303a-2017-1.jpg\",\"datePublished\":\"2020-02-12T22:15:50+00:00\",\"dateModified\":\"2020-02-17T13:08:23+00:00\",\"breadcrumb\":{\"@id\":\"https:\\\/\\\/premioluisvaltuena.org\\\/en\\\/ganador\\\/2017\\\/carlos-de-andres\\\/the-loneliness-of-mary-against-the-law-of-dependency\\\/#breadcrumb\"},\"inLanguage\":\"en-US\",\"potentialAction\":[{\"@type\":\"ReadAction\",\"target\":[\"https:\\\/\\\/premioluisvaltuena.org\\\/en\\\/ganador\\\/2017\\\/carlos-de-andres\\\/the-loneliness-of-mary-against-the-law-of-dependency\\\/\"]}]},{\"@type\":\"ImageObject\",\"inLanguage\":\"en-US\",\"@id\":\"https:\\\/\\\/premioluisvaltuena.org\\\/en\\\/ganador\\\/2017\\\/carlos-de-andres\\\/the-loneliness-of-mary-against-the-law-of-dependency\\\/#primaryimage\",\"url\":\"https:\\\/\\\/premioluisvaltuena.org\\\/wp-content\\\/uploads\\\/2020\\\/02\\\/carlos-de-andre\u0301s-ganador-premio-luis-valtuen\u0303a-2017-1.jpg\",\"contentUrl\":\"https:\\\/\\\/premioluisvaltuena.org\\\/wp-content\\\/uploads\\\/2020\\\/02\\\/carlos-de-andre\u0301s-ganador-premio-luis-valtuen\u0303a-2017-1.jpg\",\"width\":1920,\"height\":1267,\"caption\":\"Watching TV in the living room.\"},{\"@type\":\"BreadcrumbList\",\"@id\":\"https:\\\/\\\/premioluisvaltuena.org\\\/en\\\/ganador\\\/2017\\\/carlos-de-andres\\\/the-loneliness-of-mary-against-the-law-of-dependency\\\/#breadcrumb\",\"itemListElement\":[{\"@type\":\"ListItem\",\"position\":1,\"name\":\"Portada\",\"item\":\"https:\\\/\\\/premioluisvaltuena.org\\\/en\\\/\"},{\"@type\":\"ListItem\",\"position\":2,\"name\":\"The Loneliness of Mary Against the Law of Dependency\"}]},{\"@type\":\"WebSite\",\"@id\":\"https:\\\/\\\/premioluisvaltuena.org\\\/#website\",\"url\":\"https:\\\/\\\/premioluisvaltuena.org\\\/\",\"name\":\"Premio Internacional Luis Valtue\u00f1a Fotograf\u00eda Humanitaria\",\"description\":\"\",\"publisher\":{\"@id\":\"https:\\\/\\\/premioluisvaltuena.org\\\/#organization\"},\"potentialAction\":[{\"@type\":\"SearchAction\",\"target\":{\"@type\":\"EntryPoint\",\"urlTemplate\":\"https:\\\/\\\/premioluisvaltuena.org\\\/?s={search_term_string}\"},\"query-input\":{\"@type\":\"PropertyValueSpecification\",\"valueRequired\":true,\"valueName\":\"search_term_string\"}}],\"inLanguage\":\"en-US\"},{\"@type\":\"Organization\",\"@id\":\"https:\\\/\\\/premioluisvaltuena.org\\\/#organization\",\"name\":\"Premio Internacional Luis Valtue\u00f1a Fotograf\u00eda Humanitaria\",\"url\":\"https:\\\/\\\/premioluisvaltuena.org\\\/\",\"logo\":{\"@type\":\"ImageObject\",\"inLanguage\":\"en-US\",\"@id\":\"https:\\\/\\\/premioluisvaltuena.org\\\/#\\\/schema\\\/logo\\\/image\\\/\",\"url\":\"https:\\\/\\\/premioluisvaltuena.org\\\/wp-content\\\/uploads\\\/2020\\\/08\\\/Logo-2020.png\",\"contentUrl\":\"https:\\\/\\\/premioluisvaltuena.org\\\/wp-content\\\/uploads\\\/2020\\\/08\\\/Logo-2020.png\",\"width\":1920,\"height\":1280,\"caption\":\"Premio Internacional Luis Valtue\u00f1a Fotograf\u00eda Humanitaria\"},\"image\":{\"@id\":\"https:\\\/\\\/premioluisvaltuena.org\\\/#\\\/schema\\\/logo\\\/image\\\/\"},\"sameAs\":[\"https:\\\/\\\/www.facebook.com\\\/premioluisvaltuena\\\/\",\"https:\\\/\\\/www.instagram.com\\\/premioluisvaltuena\\\/\",\"https:\\\/\\\/www.youtube.com\\\/playlist?list=PLXPK1-jJZbACLMAIKz7pej4avPCcdrmkn\",\"https:\\\/\\\/es.wikipedia.org\\\/wiki\\\/Premio_Internacional_Luis_Valtue\u00f1a_de_Fotograf\u00eda_Humanitaria\"]}]}<\/script>\n<!-- \/ Yoast SEO plugin. -->","yoast_head_json":{"title":"Carlos de Andr\u00e9s - The Loneliness of Mary Against the Law of Dependency - Premio Luis Valtue\u00f1a","robots":{"index":"index","follow":"follow","max-snippet":"max-snippet:-1","max-image-preview":"max-image-preview:large","max-video-preview":"max-video-preview:-1"},"canonical":"https:\/\/premioluisvaltuena.org\/en\/ganador\/2017\/carlos-de-andres\/the-loneliness-of-mary-against-the-law-of-dependency\/","og_locale":"en_US","og_type":"article","og_title":"Carlos de Andr\u00e9s - The Loneliness of Mary Against the Law of Dependency - Premio Luis Valtue\u00f1a","og_description":"Mar\u00eda del Palacio lives alone. As a 95-year-old widow she cannot leave her home in Madrid. She suffers from memory loss and struggles to move around independently; therefore, she is physically dependent and requires care and attention. Despite her condition, she does not have authorisation from the Community of Madrid to be urgently moved to","og_url":"https:\/\/premioluisvaltuena.org\/en\/ganador\/2017\/carlos-de-andres\/the-loneliness-of-mary-against-the-law-of-dependency\/","og_site_name":"Premio Luis Valtue\u00f1a","article_publisher":"https:\/\/www.facebook.com\/premioluisvaltuena\/","article_modified_time":"2020-02-17T13:08:23+00:00","og_image":[{"width":1920,"height":1267,"url":"https:\/\/premioluisvaltuena.org\/wp-content\/uploads\/2020\/02\/carlos-de-andre\u0301s-ganador-premio-luis-valtuen\u0303a-2017-1.jpg","type":"image\/jpeg"}],"twitter_card":"summary_large_image","twitter_misc":{"Est. reading time":"1 minute"},"schema":{"@context":"https:\/\/schema.org","@graph":[{"@type":"WebPage","@id":"https:\/\/premioluisvaltuena.org\/en\/ganador\/2017\/carlos-de-andres\/the-loneliness-of-mary-against-the-law-of-dependency\/","url":"https:\/\/premioluisvaltuena.org\/en\/ganador\/2017\/carlos-de-andres\/the-loneliness-of-mary-against-the-law-of-dependency\/","name":"Carlos de Andr\u00e9s - The Loneliness of Mary Against the Law of Dependency - Premio Luis Valtue\u00f1a","isPartOf":{"@id":"https:\/\/premioluisvaltuena.org\/#website"},"primaryImageOfPage":{"@id":"https:\/\/premioluisvaltuena.org\/en\/ganador\/2017\/carlos-de-andres\/the-loneliness-of-mary-against-the-law-of-dependency\/#primaryimage"},"image":{"@id":"https:\/\/premioluisvaltuena.org\/en\/ganador\/2017\/carlos-de-andres\/the-loneliness-of-mary-against-the-law-of-dependency\/#primaryimage"},"thumbnailUrl":"https:\/\/premioluisvaltuena.org\/wp-content\/uploads\/2020\/02\/carlos-de-andre\u0301s-ganador-premio-luis-valtuen\u0303a-2017-1.jpg","datePublished":"2020-02-12T22:15:50+00:00","dateModified":"2020-02-17T13:08:23+00:00","breadcrumb":{"@id":"https:\/\/premioluisvaltuena.org\/en\/ganador\/2017\/carlos-de-andres\/the-loneliness-of-mary-against-the-law-of-dependency\/#breadcrumb"},"inLanguage":"en-US","potentialAction":[{"@type":"ReadAction","target":["https:\/\/premioluisvaltuena.org\/en\/ganador\/2017\/carlos-de-andres\/the-loneliness-of-mary-against-the-law-of-dependency\/"]}]},{"@type":"ImageObject","inLanguage":"en-US","@id":"https:\/\/premioluisvaltuena.org\/en\/ganador\/2017\/carlos-de-andres\/the-loneliness-of-mary-against-the-law-of-dependency\/#primaryimage","url":"https:\/\/premioluisvaltuena.org\/wp-content\/uploads\/2020\/02\/carlos-de-andre\u0301s-ganador-premio-luis-valtuen\u0303a-2017-1.jpg","contentUrl":"https:\/\/premioluisvaltuena.org\/wp-content\/uploads\/2020\/02\/carlos-de-andre\u0301s-ganador-premio-luis-valtuen\u0303a-2017-1.jpg","width":1920,"height":1267,"caption":"Watching TV in the living room."},{"@type":"BreadcrumbList","@id":"https:\/\/premioluisvaltuena.org\/en\/ganador\/2017\/carlos-de-andres\/the-loneliness-of-mary-against-the-law-of-dependency\/#breadcrumb","itemListElement":[{"@type":"ListItem","position":1,"name":"Portada","item":"https:\/\/premioluisvaltuena.org\/en\/"},{"@type":"ListItem","position":2,"name":"The Loneliness of Mary Against the Law of Dependency"}]},{"@type":"WebSite","@id":"https:\/\/premioluisvaltuena.org\/#website","url":"https:\/\/premioluisvaltuena.org\/","name":"Premio Internacional Luis Valtue\u00f1a Fotograf\u00eda Humanitaria","description":"","publisher":{"@id":"https:\/\/premioluisvaltuena.org\/#organization"},"potentialAction":[{"@type":"SearchAction","target":{"@type":"EntryPoint","urlTemplate":"https:\/\/premioluisvaltuena.org\/?s={search_term_string}"},"query-input":{"@type":"PropertyValueSpecification","valueRequired":true,"valueName":"search_term_string"}}],"inLanguage":"en-US"},{"@type":"Organization","@id":"https:\/\/premioluisvaltuena.org\/#organization","name":"Premio Internacional Luis Valtue\u00f1a Fotograf\u00eda Humanitaria","url":"https:\/\/premioluisvaltuena.org\/","logo":{"@type":"ImageObject","inLanguage":"en-US","@id":"https:\/\/premioluisvaltuena.org\/#\/schema\/logo\/image\/","url":"https:\/\/premioluisvaltuena.org\/wp-content\/uploads\/2020\/08\/Logo-2020.png","contentUrl":"https:\/\/premioluisvaltuena.org\/wp-content\/uploads\/2020\/08\/Logo-2020.png","width":1920,"height":1280,"caption":"Premio Internacional Luis Valtue\u00f1a Fotograf\u00eda Humanitaria"},"image":{"@id":"https:\/\/premioluisvaltuena.org\/#\/schema\/logo\/image\/"},"sameAs":["https:\/\/www.facebook.com\/premioluisvaltuena\/","https:\/\/www.instagram.com\/premioluisvaltuena\/","https:\/\/www.youtube.com\/playlist?list=PLXPK1-jJZbACLMAIKz7pej4avPCcdrmkn","https:\/\/es.wikipedia.org\/wiki\/Premio_Internacional_Luis_Valtue\u00f1a_de_Fotograf\u00eda_Humanitaria"]}]}},"_links":{"self":[{"href":"https:\/\/premioluisvaltuena.org\/en\/wp-json\/wp\/v2\/ganadores\/4326","targetHints":{"allow":["GET"]}}],"collection":[{"href":"https:\/\/premioluisvaltuena.org\/en\/wp-json\/wp\/v2\/ganadores"}],"about":[{"href":"https:\/\/premioluisvaltuena.org\/en\/wp-json\/wp\/v2\/types\/ganadores"}],"author":[{"embeddable":true,"href":"https:\/\/premioluisvaltuena.org\/en\/wp-json\/wp\/v2\/users\/11"}],"version-history":[{"count":0,"href":"https:\/\/premioluisvaltuena.org\/en\/wp-json\/wp\/v2\/ganadores\/4326\/revisions"}],"wp:featuredmedia":[{"embeddable":true,"href":"https:\/\/premioluisvaltuena.org\/en\/wp-json\/wp\/v2\/media\/4151"}],"wp:attachment":[{"href":"https:\/\/premioluisvaltuena.org\/en\/wp-json\/wp\/v2\/media?parent=4326"}],"wp:term":[{"taxonomy":"edicion","embeddable":true,"href":"https:\/\/premioluisvaltuena.org\/en\/wp-json\/wp\/v2\/edicion?post=4326"}],"curies":[{"name":"wp","href":"https:\/\/api.w.org\/{rel}","templated":true}]}}