{"id":8654,"date":"2020-05-29T13:41:37","date_gmt":"2020-05-29T13:41:37","guid":{"rendered":"https:\/\/premioluisvaltuena.org\/finalistas\/%edicion%\/gestora\/persecucion-homosexual-en-uganda\/"},"modified":"2021-03-01T09:57:35","modified_gmt":"2021-03-01T09:57:35","slug":"persecucion-homosexual-en-uganda","status":"publish","type":"finalistas","link":"https:\/\/premioluisvaltuena.org\/en\/finalistas\/2010\/benedicte-desrus\/persecucion-homosexual-en-uganda\/","title":{"rendered":"Homosexual Persecution in Uganda"},"content":{"rendered":"\n<p>In Uganda, homosexuality has been criminalized for over a century. But today, gays and lesbians are being threatened with one of the most punitive laws ever to be conceived. If passed by Uganda\u2019s Parliament, it could lead to the execution of people who have gay sex more than once, the imprisonment of heterosexual people who fail to turn homosexuals over to the police, and the abolition of all organizations that support gay rights.<\/p>\n\n\n\n<p>Although it has not passed yet, the law is like a sword of Damocles hanging over the gay community in Uganda. Each day no decisive action is taken to shut down the bill, homophobia is allowed to grow. Furthermore, the bill has allowed political and religious leaders to use the issue for personal gain, by scapegoating the gay community. <\/p>\n\n\n\n<p>Auf Usaam Mukwaya is a 26-year-old out gay man in Uganda. He has been involved in gay rights activism in Uganda for years. As a result, he has been arrested and jailed twice, and has been harassed and threatened by his neighbours since he was outed in one of the local papers, which led to his face being shown on television.<\/p>\n\n\n\n<p>Many of these images document Auf\u2019s life, and his story of enduring prejudice, discrimination and loss shared by most of his gay friends. This draconian new law, if passed by Uganda\u2019s Parliament, is tantamount to a death sentence for all of them.<\/p>\n\n\n\n<p>I started this photo story to give a voice to LGBTQI Human Rights defenders. I wanted to show how they live their lives in the increasingly homophobic environment of Uganda, and how they have chosen to fight against this bill, where many have opted to look away. Their struggle is not only about fear and violence; it is also about the joy and solidarity of a movement in its formation.<\/p>\n\n\n\n<p>If the bill is passed, persecution against the LGBTQI community will increase, but over the last year the gay community has also strengthened its resolve to continue its fight for equality. I hope these images succeed in demonstrating this hope.<\/p>\n\n\n\n<p>It is also important to say that this story is not only about Uganda, indeed it illuminates a common struggle amongst the LGBTQI community throughout Africa.<\/p>\n","protected":false},"excerpt":{"rendered":"<p>In Uganda, homosexuality has been criminalized for over a century. But today, gays and lesbians are being threatened with one of the most punitive laws ever to be conceived. If passed by Uganda\u2019s Parliament, it could lead to the execution of people who have gay sex more than once, the imprisonment of heterosexual people who<\/p>\n","protected":false},"author":53,"featured_media":8592,"menu_order":311,"template":"","format":"standard","meta":{"_acf_changed":false,"inline_featured_image":false,"_monsterinsights_skip_tracking":false,"_monsterinsights_sitenote_active":false,"_monsterinsights_sitenote_note":"","_monsterinsights_sitenote_category":0,"footnotes":""},"edicion":[208],"class_list":["post-8654","finalistas","type-finalistas","status-publish","format-standard","has-post-thumbnail","hentry","edicion-208"],"acf":[],"yoast_head":"<!-- This site is optimized with the Yoast SEO plugin v27.4 - https:\/\/yoast.com\/product\/yoast-seo-wordpress\/ -->\n<title>B\u00e9n\u00e9dicte Desrus - Homosexual Persecution in Uganda - Premio Luis Valtue\u00f1a<\/title>\n<meta name=\"robots\" content=\"index, follow, max-snippet:-1, max-image-preview:large, max-video-preview:-1\" \/>\n<link rel=\"canonical\" href=\"https:\/\/premioluisvaltuena.org\/en\/finalistas\/2010\/benedicte-desrus\/persecucion-homosexual-en-uganda\/\" \/>\n<meta property=\"og:locale\" content=\"en_US\" \/>\n<meta property=\"og:type\" content=\"article\" \/>\n<meta property=\"og:title\" content=\"B\u00e9n\u00e9dicte Desrus - Homosexual Persecution in Uganda - Premio Luis Valtue\u00f1a\" \/>\n<meta property=\"og:description\" content=\"In Uganda, homosexuality has been criminalized for over a century. But today, gays and lesbians are being threatened with one of the most punitive laws ever to be conceived. If passed by Uganda\u2019s Parliament, it could lead to the execution of people who have gay sex more than once, the imprisonment of heterosexual people who\" \/>\n<meta property=\"og:url\" content=\"https:\/\/premioluisvaltuena.org\/en\/finalistas\/2010\/benedicte-desrus\/persecucion-homosexual-en-uganda\/\" \/>\n<meta property=\"og:site_name\" content=\"Premio Luis Valtue\u00f1a\" \/>\n<meta property=\"article:publisher\" content=\"https:\/\/www.facebook.com\/premioluisvaltuena\/\" \/>\n<meta property=\"article:modified_time\" content=\"2021-03-01T09:57:35+00:00\" \/>\n<meta property=\"og:image\" content=\"https:\/\/premioluisvaltuena.org\/wp-content\/uploads\/2020\/05\/SELECCIONADO-3_BENEDICTE-DESRUS_2010-03-1024x683.jpg\" \/>\n\t<meta property=\"og:image:width\" content=\"1024\" \/>\n\t<meta property=\"og:image:height\" content=\"683\" \/>\n\t<meta property=\"og:image:type\" content=\"image\/jpeg\" \/>\n<meta name=\"twitter:card\" content=\"summary_large_image\" \/>\n<meta name=\"twitter:label1\" content=\"Est. reading time\" \/>\n\t<meta name=\"twitter:data1\" content=\"2 minutes\" \/>\n<script type=\"application\/ld+json\" class=\"yoast-schema-graph\">{\"@context\":\"https:\\\/\\\/schema.org\",\"@graph\":[{\"@type\":\"WebPage\",\"@id\":\"https:\\\/\\\/premioluisvaltuena.org\\\/en\\\/finalistas\\\/2010\\\/benedicte-desrus\\\/persecucion-homosexual-en-uganda\\\/\",\"url\":\"https:\\\/\\\/premioluisvaltuena.org\\\/en\\\/finalistas\\\/2010\\\/benedicte-desrus\\\/persecucion-homosexual-en-uganda\\\/\",\"name\":\"B\u00e9n\u00e9dicte Desrus - Homosexual Persecution in Uganda - Premio Luis Valtue\u00f1a\",\"isPartOf\":{\"@id\":\"https:\\\/\\\/premioluisvaltuena.org\\\/#website\"},\"primaryImageOfPage\":{\"@id\":\"https:\\\/\\\/premioluisvaltuena.org\\\/en\\\/finalistas\\\/2010\\\/benedicte-desrus\\\/persecucion-homosexual-en-uganda\\\/#primaryimage\"},\"image\":{\"@id\":\"https:\\\/\\\/premioluisvaltuena.org\\\/en\\\/finalistas\\\/2010\\\/benedicte-desrus\\\/persecucion-homosexual-en-uganda\\\/#primaryimage\"},\"thumbnailUrl\":\"https:\\\/\\\/premioluisvaltuena.org\\\/wp-content\\\/uploads\\\/2020\\\/05\\\/SELECCIONADO-3_BENEDICTE-DESRUS_2010-03.jpg\",\"datePublished\":\"2020-05-29T13:41:37+00:00\",\"dateModified\":\"2021-03-01T09:57:35+00:00\",\"breadcrumb\":{\"@id\":\"https:\\\/\\\/premioluisvaltuena.org\\\/en\\\/finalistas\\\/2010\\\/benedicte-desrus\\\/persecucion-homosexual-en-uganda\\\/#breadcrumb\"},\"inLanguage\":\"en-US\",\"potentialAction\":[{\"@type\":\"ReadAction\",\"target\":[\"https:\\\/\\\/premioluisvaltuena.org\\\/en\\\/finalistas\\\/2010\\\/benedicte-desrus\\\/persecucion-homosexual-en-uganda\\\/\"]}]},{\"@type\":\"ImageObject\",\"inLanguage\":\"en-US\",\"@id\":\"https:\\\/\\\/premioluisvaltuena.org\\\/en\\\/finalistas\\\/2010\\\/benedicte-desrus\\\/persecucion-homosexual-en-uganda\\\/#primaryimage\",\"url\":\"https:\\\/\\\/premioluisvaltuena.org\\\/wp-content\\\/uploads\\\/2020\\\/05\\\/SELECCIONADO-3_BENEDICTE-DESRUS_2010-03.jpg\",\"contentUrl\":\"https:\\\/\\\/premioluisvaltuena.org\\\/wp-content\\\/uploads\\\/2020\\\/05\\\/SELECCIONADO-3_BENEDICTE-DESRUS_2010-03.jpg\",\"width\":1980,\"height\":1320,\"caption\":\"4 march 2010 \u2013 Kampala, Uganda \u2013 Auf Usaam Mukwaya and a friend participate in a ceremony run by a gay witch-doctor to prevent the passing of an anti-homosexuality bill in the Uganda parliament.\"},{\"@type\":\"BreadcrumbList\",\"@id\":\"https:\\\/\\\/premioluisvaltuena.org\\\/en\\\/finalistas\\\/2010\\\/benedicte-desrus\\\/persecucion-homosexual-en-uganda\\\/#breadcrumb\",\"itemListElement\":[{\"@type\":\"ListItem\",\"position\":1,\"name\":\"Portada\",\"item\":\"https:\\\/\\\/premioluisvaltuena.org\\\/en\\\/\"},{\"@type\":\"ListItem\",\"position\":2,\"name\":\"Homosexual Persecution in Uganda\"}]},{\"@type\":\"WebSite\",\"@id\":\"https:\\\/\\\/premioluisvaltuena.org\\\/#website\",\"url\":\"https:\\\/\\\/premioluisvaltuena.org\\\/\",\"name\":\"Premio Internacional Luis Valtue\u00f1a Fotograf\u00eda Humanitaria\",\"description\":\"\",\"publisher\":{\"@id\":\"https:\\\/\\\/premioluisvaltuena.org\\\/#organization\"},\"potentialAction\":[{\"@type\":\"SearchAction\",\"target\":{\"@type\":\"EntryPoint\",\"urlTemplate\":\"https:\\\/\\\/premioluisvaltuena.org\\\/?s={search_term_string}\"},\"query-input\":{\"@type\":\"PropertyValueSpecification\",\"valueRequired\":true,\"valueName\":\"search_term_string\"}}],\"inLanguage\":\"en-US\"},{\"@type\":\"Organization\",\"@id\":\"https:\\\/\\\/premioluisvaltuena.org\\\/#organization\",\"name\":\"Premio Internacional Luis Valtue\u00f1a Fotograf\u00eda Humanitaria\",\"url\":\"https:\\\/\\\/premioluisvaltuena.org\\\/\",\"logo\":{\"@type\":\"ImageObject\",\"inLanguage\":\"en-US\",\"@id\":\"https:\\\/\\\/premioluisvaltuena.org\\\/#\\\/schema\\\/logo\\\/image\\\/\",\"url\":\"https:\\\/\\\/premioluisvaltuena.org\\\/wp-content\\\/uploads\\\/2020\\\/08\\\/Logo-2020.png\",\"contentUrl\":\"https:\\\/\\\/premioluisvaltuena.org\\\/wp-content\\\/uploads\\\/2020\\\/08\\\/Logo-2020.png\",\"width\":1920,\"height\":1280,\"caption\":\"Premio Internacional Luis Valtue\u00f1a Fotograf\u00eda Humanitaria\"},\"image\":{\"@id\":\"https:\\\/\\\/premioluisvaltuena.org\\\/#\\\/schema\\\/logo\\\/image\\\/\"},\"sameAs\":[\"https:\\\/\\\/www.facebook.com\\\/premioluisvaltuena\\\/\",\"https:\\\/\\\/www.instagram.com\\\/premioluisvaltuena\\\/\",\"https:\\\/\\\/www.youtube.com\\\/playlist?list=PLXPK1-jJZbACLMAIKz7pej4avPCcdrmkn\",\"https:\\\/\\\/es.wikipedia.org\\\/wiki\\\/Premio_Internacional_Luis_Valtue\u00f1a_de_Fotograf\u00eda_Humanitaria\"]}]}<\/script>\n<!-- \/ Yoast SEO plugin. -->","yoast_head_json":{"title":"B\u00e9n\u00e9dicte Desrus - Homosexual Persecution in Uganda - Premio Luis Valtue\u00f1a","robots":{"index":"index","follow":"follow","max-snippet":"max-snippet:-1","max-image-preview":"max-image-preview:large","max-video-preview":"max-video-preview:-1"},"canonical":"https:\/\/premioluisvaltuena.org\/en\/finalistas\/2010\/benedicte-desrus\/persecucion-homosexual-en-uganda\/","og_locale":"en_US","og_type":"article","og_title":"B\u00e9n\u00e9dicte Desrus - Homosexual Persecution in Uganda - Premio Luis Valtue\u00f1a","og_description":"In Uganda, homosexuality has been criminalized for over a century. But today, gays and lesbians are being threatened with one of the most punitive laws ever to be conceived. If passed by Uganda\u2019s Parliament, it could lead to the execution of people who have gay sex more than once, the imprisonment of heterosexual people who","og_url":"https:\/\/premioluisvaltuena.org\/en\/finalistas\/2010\/benedicte-desrus\/persecucion-homosexual-en-uganda\/","og_site_name":"Premio Luis Valtue\u00f1a","article_publisher":"https:\/\/www.facebook.com\/premioluisvaltuena\/","article_modified_time":"2021-03-01T09:57:35+00:00","og_image":[{"width":1024,"height":683,"url":"https:\/\/premioluisvaltuena.org\/wp-content\/uploads\/2020\/05\/SELECCIONADO-3_BENEDICTE-DESRUS_2010-03-1024x683.jpg","type":"image\/jpeg"}],"twitter_card":"summary_large_image","twitter_misc":{"Est. reading time":"2 minutes"},"schema":{"@context":"https:\/\/schema.org","@graph":[{"@type":"WebPage","@id":"https:\/\/premioluisvaltuena.org\/en\/finalistas\/2010\/benedicte-desrus\/persecucion-homosexual-en-uganda\/","url":"https:\/\/premioluisvaltuena.org\/en\/finalistas\/2010\/benedicte-desrus\/persecucion-homosexual-en-uganda\/","name":"B\u00e9n\u00e9dicte Desrus - Homosexual Persecution in Uganda - Premio Luis Valtue\u00f1a","isPartOf":{"@id":"https:\/\/premioluisvaltuena.org\/#website"},"primaryImageOfPage":{"@id":"https:\/\/premioluisvaltuena.org\/en\/finalistas\/2010\/benedicte-desrus\/persecucion-homosexual-en-uganda\/#primaryimage"},"image":{"@id":"https:\/\/premioluisvaltuena.org\/en\/finalistas\/2010\/benedicte-desrus\/persecucion-homosexual-en-uganda\/#primaryimage"},"thumbnailUrl":"https:\/\/premioluisvaltuena.org\/wp-content\/uploads\/2020\/05\/SELECCIONADO-3_BENEDICTE-DESRUS_2010-03.jpg","datePublished":"2020-05-29T13:41:37+00:00","dateModified":"2021-03-01T09:57:35+00:00","breadcrumb":{"@id":"https:\/\/premioluisvaltuena.org\/en\/finalistas\/2010\/benedicte-desrus\/persecucion-homosexual-en-uganda\/#breadcrumb"},"inLanguage":"en-US","potentialAction":[{"@type":"ReadAction","target":["https:\/\/premioluisvaltuena.org\/en\/finalistas\/2010\/benedicte-desrus\/persecucion-homosexual-en-uganda\/"]}]},{"@type":"ImageObject","inLanguage":"en-US","@id":"https:\/\/premioluisvaltuena.org\/en\/finalistas\/2010\/benedicte-desrus\/persecucion-homosexual-en-uganda\/#primaryimage","url":"https:\/\/premioluisvaltuena.org\/wp-content\/uploads\/2020\/05\/SELECCIONADO-3_BENEDICTE-DESRUS_2010-03.jpg","contentUrl":"https:\/\/premioluisvaltuena.org\/wp-content\/uploads\/2020\/05\/SELECCIONADO-3_BENEDICTE-DESRUS_2010-03.jpg","width":1980,"height":1320,"caption":"4 march 2010 \u2013 Kampala, Uganda \u2013 Auf Usaam Mukwaya and a friend participate in a ceremony run by a gay witch-doctor to prevent the passing of an anti-homosexuality bill in the Uganda parliament."},{"@type":"BreadcrumbList","@id":"https:\/\/premioluisvaltuena.org\/en\/finalistas\/2010\/benedicte-desrus\/persecucion-homosexual-en-uganda\/#breadcrumb","itemListElement":[{"@type":"ListItem","position":1,"name":"Portada","item":"https:\/\/premioluisvaltuena.org\/en\/"},{"@type":"ListItem","position":2,"name":"Homosexual Persecution in Uganda"}]},{"@type":"WebSite","@id":"https:\/\/premioluisvaltuena.org\/#website","url":"https:\/\/premioluisvaltuena.org\/","name":"Premio Internacional Luis Valtue\u00f1a Fotograf\u00eda Humanitaria","description":"","publisher":{"@id":"https:\/\/premioluisvaltuena.org\/#organization"},"potentialAction":[{"@type":"SearchAction","target":{"@type":"EntryPoint","urlTemplate":"https:\/\/premioluisvaltuena.org\/?s={search_term_string}"},"query-input":{"@type":"PropertyValueSpecification","valueRequired":true,"valueName":"search_term_string"}}],"inLanguage":"en-US"},{"@type":"Organization","@id":"https:\/\/premioluisvaltuena.org\/#organization","name":"Premio Internacional Luis Valtue\u00f1a Fotograf\u00eda Humanitaria","url":"https:\/\/premioluisvaltuena.org\/","logo":{"@type":"ImageObject","inLanguage":"en-US","@id":"https:\/\/premioluisvaltuena.org\/#\/schema\/logo\/image\/","url":"https:\/\/premioluisvaltuena.org\/wp-content\/uploads\/2020\/08\/Logo-2020.png","contentUrl":"https:\/\/premioluisvaltuena.org\/wp-content\/uploads\/2020\/08\/Logo-2020.png","width":1920,"height":1280,"caption":"Premio Internacional Luis Valtue\u00f1a Fotograf\u00eda Humanitaria"},"image":{"@id":"https:\/\/premioluisvaltuena.org\/#\/schema\/logo\/image\/"},"sameAs":["https:\/\/www.facebook.com\/premioluisvaltuena\/","https:\/\/www.instagram.com\/premioluisvaltuena\/","https:\/\/www.youtube.com\/playlist?list=PLXPK1-jJZbACLMAIKz7pej4avPCcdrmkn","https:\/\/es.wikipedia.org\/wiki\/Premio_Internacional_Luis_Valtue\u00f1a_de_Fotograf\u00eda_Humanitaria"]}]}},"_links":{"self":[{"href":"https:\/\/premioluisvaltuena.org\/en\/wp-json\/wp\/v2\/finalistas\/8654","targetHints":{"allow":["GET"]}}],"collection":[{"href":"https:\/\/premioluisvaltuena.org\/en\/wp-json\/wp\/v2\/finalistas"}],"about":[{"href":"https:\/\/premioluisvaltuena.org\/en\/wp-json\/wp\/v2\/types\/finalistas"}],"author":[{"embeddable":true,"href":"https:\/\/premioluisvaltuena.org\/en\/wp-json\/wp\/v2\/users\/53"}],"version-history":[{"count":5,"href":"https:\/\/premioluisvaltuena.org\/en\/wp-json\/wp\/v2\/finalistas\/8654\/revisions"}],"predecessor-version":[{"id":10438,"href":"https:\/\/premioluisvaltuena.org\/en\/wp-json\/wp\/v2\/finalistas\/8654\/revisions\/10438"}],"wp:featuredmedia":[{"embeddable":true,"href":"https:\/\/premioluisvaltuena.org\/en\/wp-json\/wp\/v2\/media\/8592"}],"wp:attachment":[{"href":"https:\/\/premioluisvaltuena.org\/en\/wp-json\/wp\/v2\/media?parent=8654"}],"wp:term":[{"taxonomy":"edicion","embeddable":true,"href":"https:\/\/premioluisvaltuena.org\/en\/wp-json\/wp\/v2\/edicion?post=8654"}],"curies":[{"name":"wp","href":"https:\/\/api.w.org\/{rel}","templated":true}]}}