{"id":13682,"date":"2022-02-01T17:15:42","date_gmt":"2022-02-01T17:15:42","guid":{"rendered":"https:\/\/premioluisvaltuena.org\/?post_type=finalistas&#038;p=13682"},"modified":"2022-02-01T17:15:44","modified_gmt":"2022-02-01T17:15:44","slug":"refugee-reception-centre-in-kathmandu-nepal","status":"publish","type":"finalistas","link":"https:\/\/premioluisvaltuena.org\/en\/finalistas\/1998\/angel-lopez-soto\/refugee-reception-centre-in-kathmandu-nepal\/","title":{"rendered":"Refugee reception centre in Kathmandu, Nepal"},"content":{"rendered":"","protected":false},"excerpt":{"rendered":"","protected":false},"author":117,"featured_media":13672,"menu_order":70,"template":"","format":"standard","meta":{"_acf_changed":false,"inline_featured_image":false,"_monsterinsights_skip_tracking":false,"_monsterinsights_sitenote_active":false,"_monsterinsights_sitenote_note":"","_monsterinsights_sitenote_category":0,"footnotes":""},"edicion":[236],"class_list":["post-13682","finalistas","type-finalistas","status-publish","format-standard","has-post-thumbnail","hentry","edicion-236"],"acf":[],"yoast_head":"<!-- This site is optimized with the Yoast SEO plugin v27.4 - https:\/\/yoast.com\/product\/yoast-seo-wordpress\/ -->\n<title>\u00c1ngel L\u00f3pez Soto - Refugee reception centre in Kathmandu, Nepal - Premio Luis Valtue\u00f1a<\/title>\n<meta name=\"robots\" content=\"index, follow, max-snippet:-1, max-image-preview:large, max-video-preview:-1\" \/>\n<link rel=\"canonical\" href=\"https:\/\/premioluisvaltuena.org\/en\/finalistas\/1998\/angel-lopez-soto\/refugee-reception-centre-in-kathmandu-nepal\/\" \/>\n<meta property=\"og:locale\" content=\"en_US\" \/>\n<meta property=\"og:type\" content=\"article\" \/>\n<meta property=\"og:title\" content=\"\u00c1ngel L\u00f3pez Soto - Refugee reception centre in Kathmandu, Nepal - Premio Luis Valtue\u00f1a\" \/>\n<meta property=\"og:url\" content=\"https:\/\/premioluisvaltuena.org\/en\/finalistas\/1998\/angel-lopez-soto\/refugee-reception-centre-in-kathmandu-nepal\/\" \/>\n<meta property=\"og:site_name\" content=\"Premio Luis Valtue\u00f1a\" \/>\n<meta property=\"article:publisher\" content=\"https:\/\/www.facebook.com\/premioluisvaltuena\/\" \/>\n<meta property=\"article:modified_time\" content=\"2022-02-01T17:15:44+00:00\" \/>\n<meta property=\"og:image\" content=\"https:\/\/premioluisvaltuena.org\/wp-content\/uploads\/2022\/02\/02_Accesit_Angel-Lopez-Soto_Refufiados-Nepal-2_1998.jpg\" \/>\n\t<meta property=\"og:image:width\" content=\"1980\" \/>\n\t<meta property=\"og:image:height\" content=\"1401\" \/>\n\t<meta property=\"og:image:type\" content=\"image\/jpeg\" \/>\n<meta name=\"twitter:card\" content=\"summary_large_image\" \/>\n<script type=\"application\/ld+json\" class=\"yoast-schema-graph\">{\"@context\":\"https:\\\/\\\/schema.org\",\"@graph\":[{\"@type\":\"WebPage\",\"@id\":\"https:\\\/\\\/premioluisvaltuena.org\\\/en\\\/finalistas\\\/1998\\\/angel-lopez-soto\\\/refugee-reception-centre-in-kathmandu-nepal\\\/\",\"url\":\"https:\\\/\\\/premioluisvaltuena.org\\\/en\\\/finalistas\\\/1998\\\/angel-lopez-soto\\\/refugee-reception-centre-in-kathmandu-nepal\\\/\",\"name\":\"\u00c1ngel L\u00f3pez Soto - Refugee reception centre in Kathmandu, Nepal - Premio Luis Valtue\u00f1a\",\"isPartOf\":{\"@id\":\"https:\\\/\\\/premioluisvaltuena.org\\\/#website\"},\"primaryImageOfPage\":{\"@id\":\"https:\\\/\\\/premioluisvaltuena.org\\\/en\\\/finalistas\\\/1998\\\/angel-lopez-soto\\\/refugee-reception-centre-in-kathmandu-nepal\\\/#primaryimage\"},\"image\":{\"@id\":\"https:\\\/\\\/premioluisvaltuena.org\\\/en\\\/finalistas\\\/1998\\\/angel-lopez-soto\\\/refugee-reception-centre-in-kathmandu-nepal\\\/#primaryimage\"},\"thumbnailUrl\":\"https:\\\/\\\/premioluisvaltuena.org\\\/wp-content\\\/uploads\\\/2022\\\/02\\\/02_Accesit_Angel-Lopez-Soto_Refufiados-Nepal-2_1998.jpg\",\"datePublished\":\"2022-02-01T17:15:42+00:00\",\"dateModified\":\"2022-02-01T17:15:44+00:00\",\"breadcrumb\":{\"@id\":\"https:\\\/\\\/premioluisvaltuena.org\\\/en\\\/finalistas\\\/1998\\\/angel-lopez-soto\\\/refugee-reception-centre-in-kathmandu-nepal\\\/#breadcrumb\"},\"inLanguage\":\"en-US\",\"potentialAction\":[{\"@type\":\"ReadAction\",\"target\":[\"https:\\\/\\\/premioluisvaltuena.org\\\/en\\\/finalistas\\\/1998\\\/angel-lopez-soto\\\/refugee-reception-centre-in-kathmandu-nepal\\\/\"]}]},{\"@type\":\"ImageObject\",\"inLanguage\":\"en-US\",\"@id\":\"https:\\\/\\\/premioluisvaltuena.org\\\/en\\\/finalistas\\\/1998\\\/angel-lopez-soto\\\/refugee-reception-centre-in-kathmandu-nepal\\\/#primaryimage\",\"url\":\"https:\\\/\\\/premioluisvaltuena.org\\\/wp-content\\\/uploads\\\/2022\\\/02\\\/02_Accesit_Angel-Lopez-Soto_Refufiados-Nepal-2_1998.jpg\",\"contentUrl\":\"https:\\\/\\\/premioluisvaltuena.org\\\/wp-content\\\/uploads\\\/2022\\\/02\\\/02_Accesit_Angel-Lopez-Soto_Refufiados-Nepal-2_1998.jpg\",\"width\":1980,\"height\":1401,\"caption\":\"Samden's (22 years old) feet will probably lose all his toes due to frostbite. On his escape, he crossed Nangp La (a pass at 5,000m above sea level) equipped only with slippers. 2\"},{\"@type\":\"BreadcrumbList\",\"@id\":\"https:\\\/\\\/premioluisvaltuena.org\\\/en\\\/finalistas\\\/1998\\\/angel-lopez-soto\\\/refugee-reception-centre-in-kathmandu-nepal\\\/#breadcrumb\",\"itemListElement\":[{\"@type\":\"ListItem\",\"position\":1,\"name\":\"Portada\",\"item\":\"https:\\\/\\\/premioluisvaltuena.org\\\/en\\\/\"},{\"@type\":\"ListItem\",\"position\":2,\"name\":\"Refugee reception centre in Kathmandu, Nepal\"}]},{\"@type\":\"WebSite\",\"@id\":\"https:\\\/\\\/premioluisvaltuena.org\\\/#website\",\"url\":\"https:\\\/\\\/premioluisvaltuena.org\\\/\",\"name\":\"Premio Internacional Luis Valtue\u00f1a Fotograf\u00eda Humanitaria\",\"description\":\"\",\"publisher\":{\"@id\":\"https:\\\/\\\/premioluisvaltuena.org\\\/#organization\"},\"potentialAction\":[{\"@type\":\"SearchAction\",\"target\":{\"@type\":\"EntryPoint\",\"urlTemplate\":\"https:\\\/\\\/premioluisvaltuena.org\\\/?s={search_term_string}\"},\"query-input\":{\"@type\":\"PropertyValueSpecification\",\"valueRequired\":true,\"valueName\":\"search_term_string\"}}],\"inLanguage\":\"en-US\"},{\"@type\":\"Organization\",\"@id\":\"https:\\\/\\\/premioluisvaltuena.org\\\/#organization\",\"name\":\"Premio Internacional Luis Valtue\u00f1a Fotograf\u00eda Humanitaria\",\"url\":\"https:\\\/\\\/premioluisvaltuena.org\\\/\",\"logo\":{\"@type\":\"ImageObject\",\"inLanguage\":\"en-US\",\"@id\":\"https:\\\/\\\/premioluisvaltuena.org\\\/#\\\/schema\\\/logo\\\/image\\\/\",\"url\":\"https:\\\/\\\/premioluisvaltuena.org\\\/wp-content\\\/uploads\\\/2020\\\/08\\\/Logo-2020.png\",\"contentUrl\":\"https:\\\/\\\/premioluisvaltuena.org\\\/wp-content\\\/uploads\\\/2020\\\/08\\\/Logo-2020.png\",\"width\":1920,\"height\":1280,\"caption\":\"Premio Internacional Luis Valtue\u00f1a Fotograf\u00eda Humanitaria\"},\"image\":{\"@id\":\"https:\\\/\\\/premioluisvaltuena.org\\\/#\\\/schema\\\/logo\\\/image\\\/\"},\"sameAs\":[\"https:\\\/\\\/www.facebook.com\\\/premioluisvaltuena\\\/\",\"https:\\\/\\\/www.instagram.com\\\/premioluisvaltuena\\\/\",\"https:\\\/\\\/www.youtube.com\\\/playlist?list=PLXPK1-jJZbACLMAIKz7pej4avPCcdrmkn\",\"https:\\\/\\\/es.wikipedia.org\\\/wiki\\\/Premio_Internacional_Luis_Valtue\u00f1a_de_Fotograf\u00eda_Humanitaria\"]}]}<\/script>\n<!-- \/ Yoast SEO plugin. -->","yoast_head_json":{"title":"\u00c1ngel L\u00f3pez Soto - Refugee reception centre in Kathmandu, Nepal - Premio Luis Valtue\u00f1a","robots":{"index":"index","follow":"follow","max-snippet":"max-snippet:-1","max-image-preview":"max-image-preview:large","max-video-preview":"max-video-preview:-1"},"canonical":"https:\/\/premioluisvaltuena.org\/en\/finalistas\/1998\/angel-lopez-soto\/refugee-reception-centre-in-kathmandu-nepal\/","og_locale":"en_US","og_type":"article","og_title":"\u00c1ngel L\u00f3pez Soto - Refugee reception centre in Kathmandu, Nepal - Premio Luis Valtue\u00f1a","og_url":"https:\/\/premioluisvaltuena.org\/en\/finalistas\/1998\/angel-lopez-soto\/refugee-reception-centre-in-kathmandu-nepal\/","og_site_name":"Premio Luis Valtue\u00f1a","article_publisher":"https:\/\/www.facebook.com\/premioluisvaltuena\/","article_modified_time":"2022-02-01T17:15:44+00:00","og_image":[{"width":1980,"height":1401,"url":"https:\/\/premioluisvaltuena.org\/wp-content\/uploads\/2022\/02\/02_Accesit_Angel-Lopez-Soto_Refufiados-Nepal-2_1998.jpg","type":"image\/jpeg"}],"twitter_card":"summary_large_image","schema":{"@context":"https:\/\/schema.org","@graph":[{"@type":"WebPage","@id":"https:\/\/premioluisvaltuena.org\/en\/finalistas\/1998\/angel-lopez-soto\/refugee-reception-centre-in-kathmandu-nepal\/","url":"https:\/\/premioluisvaltuena.org\/en\/finalistas\/1998\/angel-lopez-soto\/refugee-reception-centre-in-kathmandu-nepal\/","name":"\u00c1ngel L\u00f3pez Soto - Refugee reception centre in Kathmandu, Nepal - Premio Luis Valtue\u00f1a","isPartOf":{"@id":"https:\/\/premioluisvaltuena.org\/#website"},"primaryImageOfPage":{"@id":"https:\/\/premioluisvaltuena.org\/en\/finalistas\/1998\/angel-lopez-soto\/refugee-reception-centre-in-kathmandu-nepal\/#primaryimage"},"image":{"@id":"https:\/\/premioluisvaltuena.org\/en\/finalistas\/1998\/angel-lopez-soto\/refugee-reception-centre-in-kathmandu-nepal\/#primaryimage"},"thumbnailUrl":"https:\/\/premioluisvaltuena.org\/wp-content\/uploads\/2022\/02\/02_Accesit_Angel-Lopez-Soto_Refufiados-Nepal-2_1998.jpg","datePublished":"2022-02-01T17:15:42+00:00","dateModified":"2022-02-01T17:15:44+00:00","breadcrumb":{"@id":"https:\/\/premioluisvaltuena.org\/en\/finalistas\/1998\/angel-lopez-soto\/refugee-reception-centre-in-kathmandu-nepal\/#breadcrumb"},"inLanguage":"en-US","potentialAction":[{"@type":"ReadAction","target":["https:\/\/premioluisvaltuena.org\/en\/finalistas\/1998\/angel-lopez-soto\/refugee-reception-centre-in-kathmandu-nepal\/"]}]},{"@type":"ImageObject","inLanguage":"en-US","@id":"https:\/\/premioluisvaltuena.org\/en\/finalistas\/1998\/angel-lopez-soto\/refugee-reception-centre-in-kathmandu-nepal\/#primaryimage","url":"https:\/\/premioluisvaltuena.org\/wp-content\/uploads\/2022\/02\/02_Accesit_Angel-Lopez-Soto_Refufiados-Nepal-2_1998.jpg","contentUrl":"https:\/\/premioluisvaltuena.org\/wp-content\/uploads\/2022\/02\/02_Accesit_Angel-Lopez-Soto_Refufiados-Nepal-2_1998.jpg","width":1980,"height":1401,"caption":"Samden's (22 years old) feet will probably lose all his toes due to frostbite. On his escape, he crossed Nangp La (a pass at 5,000m above sea level) equipped only with slippers. 2"},{"@type":"BreadcrumbList","@id":"https:\/\/premioluisvaltuena.org\/en\/finalistas\/1998\/angel-lopez-soto\/refugee-reception-centre-in-kathmandu-nepal\/#breadcrumb","itemListElement":[{"@type":"ListItem","position":1,"name":"Portada","item":"https:\/\/premioluisvaltuena.org\/en\/"},{"@type":"ListItem","position":2,"name":"Refugee reception centre in Kathmandu, Nepal"}]},{"@type":"WebSite","@id":"https:\/\/premioluisvaltuena.org\/#website","url":"https:\/\/premioluisvaltuena.org\/","name":"Premio Internacional Luis Valtue\u00f1a Fotograf\u00eda Humanitaria","description":"","publisher":{"@id":"https:\/\/premioluisvaltuena.org\/#organization"},"potentialAction":[{"@type":"SearchAction","target":{"@type":"EntryPoint","urlTemplate":"https:\/\/premioluisvaltuena.org\/?s={search_term_string}"},"query-input":{"@type":"PropertyValueSpecification","valueRequired":true,"valueName":"search_term_string"}}],"inLanguage":"en-US"},{"@type":"Organization","@id":"https:\/\/premioluisvaltuena.org\/#organization","name":"Premio Internacional Luis Valtue\u00f1a Fotograf\u00eda Humanitaria","url":"https:\/\/premioluisvaltuena.org\/","logo":{"@type":"ImageObject","inLanguage":"en-US","@id":"https:\/\/premioluisvaltuena.org\/#\/schema\/logo\/image\/","url":"https:\/\/premioluisvaltuena.org\/wp-content\/uploads\/2020\/08\/Logo-2020.png","contentUrl":"https:\/\/premioluisvaltuena.org\/wp-content\/uploads\/2020\/08\/Logo-2020.png","width":1920,"height":1280,"caption":"Premio Internacional Luis Valtue\u00f1a Fotograf\u00eda Humanitaria"},"image":{"@id":"https:\/\/premioluisvaltuena.org\/#\/schema\/logo\/image\/"},"sameAs":["https:\/\/www.facebook.com\/premioluisvaltuena\/","https:\/\/www.instagram.com\/premioluisvaltuena\/","https:\/\/www.youtube.com\/playlist?list=PLXPK1-jJZbACLMAIKz7pej4avPCcdrmkn","https:\/\/es.wikipedia.org\/wiki\/Premio_Internacional_Luis_Valtue\u00f1a_de_Fotograf\u00eda_Humanitaria"]}]}},"_links":{"self":[{"href":"https:\/\/premioluisvaltuena.org\/en\/wp-json\/wp\/v2\/finalistas\/13682","targetHints":{"allow":["GET"]}}],"collection":[{"href":"https:\/\/premioluisvaltuena.org\/en\/wp-json\/wp\/v2\/finalistas"}],"about":[{"href":"https:\/\/premioluisvaltuena.org\/en\/wp-json\/wp\/v2\/types\/finalistas"}],"author":[{"embeddable":true,"href":"https:\/\/premioluisvaltuena.org\/en\/wp-json\/wp\/v2\/users\/117"}],"version-history":[{"count":2,"href":"https:\/\/premioluisvaltuena.org\/en\/wp-json\/wp\/v2\/finalistas\/13682\/revisions"}],"predecessor-version":[{"id":13685,"href":"https:\/\/premioluisvaltuena.org\/en\/wp-json\/wp\/v2\/finalistas\/13682\/revisions\/13685"}],"wp:featuredmedia":[{"embeddable":true,"href":"https:\/\/premioluisvaltuena.org\/en\/wp-json\/wp\/v2\/media\/13672"}],"wp:attachment":[{"href":"https:\/\/premioluisvaltuena.org\/en\/wp-json\/wp\/v2\/media?parent=13682"}],"wp:term":[{"taxonomy":"edicion","embeddable":true,"href":"https:\/\/premioluisvaltuena.org\/en\/wp-json\/wp\/v2\/edicion?post=13682"}],"curies":[{"name":"wp","href":"https:\/\/api.w.org\/{rel}","templated":true}]}}