{"id":13256,"date":"2022-01-19T18:16:03","date_gmt":"2022-01-19T18:16:03","guid":{"rendered":"https:\/\/premioluisvaltuena.org\/?post_type=finalistas&#038;p=13256"},"modified":"2022-01-21T15:22:41","modified_gmt":"2022-01-21T15:22:41","slug":"heart-of-darkness","status":"publish","type":"finalistas","link":"https:\/\/premioluisvaltuena.org\/en\/finalistas\/2007\/eddie-gerald\/heart-of-darkness\/","title":{"rendered":"Heart of darkness"},"content":{"rendered":"\n<p>The conflict and violence that has consumed the Democratic Republic of Congo (DRC) for more than a decade kill more people every six months than the 2004 Indian Ocean tsunami. Estimates put the death toll at four million, but experts say the figure is much higher.<\/p>\n\n<p>La RDC no recibi\u00f3 la atenci\u00f3n que merece, ni de los medios ni de la opini\u00f3n p\u00fablica. Durante semanas, fotografi\u00e9 el impacto devastador en las vidas humanas de d\u00e9cadas de genocidio, enfermedad, guerra y hambre. Acompa\u00f1\u00e9 a agencias de ayuda humanitaria y document\u00e9 sus esfuerzos para alcanzar las zonas orientales del pa\u00eds, donde el estado de las carreteras y\/o su seguridad dificultan el acceso a las organizaciones humanitarias. Visit\u00e9 centros de rehabilitaci\u00f3n para v\u00edctimas de violaci\u00f3n y consegu\u00ed entrar en los campos de ni\u00f1os ex soldados. Muchos de ellos<br\/>volvieron al campo de batalla a pesar de la presencia de diversas agencias de protecci\u00f3n a la infancia en la zona. Las im\u00e1genes nos invitan a actuar.<\/p>\n","protected":false},"excerpt":{"rendered":"<p>The conflict and violence that has consumed the Democratic Republic of Congo (DRC) for more than a decade kill more people every six months than the 2004 Indian Ocean tsunami. Estimates put the death toll at four million, but experts say the figure is much higher. La RDC no recibi\u00f3 la atenci\u00f3n que merece, ni<\/p>\n","protected":false},"author":129,"featured_media":13252,"menu_order":153,"template":"","format":"standard","meta":{"_acf_changed":false,"inline_featured_image":false,"_monsterinsights_skip_tracking":false,"_monsterinsights_sitenote_active":false,"_monsterinsights_sitenote_note":"","_monsterinsights_sitenote_category":0,"footnotes":""},"edicion":[216],"class_list":["post-13256","finalistas","type-finalistas","status-publish","format-standard","has-post-thumbnail","hentry","edicion-216"],"acf":[],"yoast_head":"<!-- This site is optimized with the Yoast SEO plugin v27.4 - https:\/\/yoast.com\/product\/yoast-seo-wordpress\/ -->\n<title>Eddie Gerald - Heart of darkness - Premio Luis Valtue\u00f1a<\/title>\n<meta name=\"robots\" content=\"index, follow, max-snippet:-1, max-image-preview:large, max-video-preview:-1\" \/>\n<link rel=\"canonical\" href=\"https:\/\/premioluisvaltuena.org\/en\/finalistas\/2007\/eddie-gerald\/heart-of-darkness\/\" \/>\n<meta property=\"og:locale\" content=\"en_US\" \/>\n<meta property=\"og:type\" content=\"article\" \/>\n<meta property=\"og:title\" content=\"Eddie Gerald - Heart of darkness - Premio Luis Valtue\u00f1a\" \/>\n<meta property=\"og:description\" content=\"The conflict and violence that has consumed the Democratic Republic of Congo (DRC) for more than a decade kill more people every six months than the 2004 Indian Ocean tsunami. Estimates put the death toll at four million, but experts say the figure is much higher. La RDC no recibi\u00f3 la atenci\u00f3n que merece, ni\" \/>\n<meta property=\"og:url\" content=\"https:\/\/premioluisvaltuena.org\/en\/finalistas\/2007\/eddie-gerald\/heart-of-darkness\/\" \/>\n<meta property=\"og:site_name\" content=\"Premio Luis Valtue\u00f1a\" \/>\n<meta property=\"article:publisher\" content=\"https:\/\/www.facebook.com\/premioluisvaltuena\/\" \/>\n<meta property=\"article:modified_time\" content=\"2022-01-21T15:22:41+00:00\" \/>\n<meta property=\"og:image\" content=\"https:\/\/premioluisvaltuena.org\/wp-content\/uploads\/2022\/01\/11_Seleccionado_EDDIE-GERALD_2007_web.jpg\" \/>\n\t<meta property=\"og:image:width\" content=\"1980\" \/>\n\t<meta property=\"og:image:height\" content=\"1325\" \/>\n\t<meta property=\"og:image:type\" content=\"image\/jpeg\" \/>\n<meta name=\"twitter:card\" content=\"summary_large_image\" \/>\n<meta name=\"twitter:label1\" content=\"Est. reading time\" \/>\n\t<meta name=\"twitter:data1\" content=\"1 minute\" \/>\n<script type=\"application\/ld+json\" class=\"yoast-schema-graph\">{\"@context\":\"https:\\\/\\\/schema.org\",\"@graph\":[{\"@type\":\"WebPage\",\"@id\":\"https:\\\/\\\/premioluisvaltuena.org\\\/en\\\/finalistas\\\/2007\\\/eddie-gerald\\\/heart-of-darkness\\\/\",\"url\":\"https:\\\/\\\/premioluisvaltuena.org\\\/en\\\/finalistas\\\/2007\\\/eddie-gerald\\\/heart-of-darkness\\\/\",\"name\":\"Eddie Gerald - Heart of darkness - Premio Luis Valtue\u00f1a\",\"isPartOf\":{\"@id\":\"https:\\\/\\\/premioluisvaltuena.org\\\/#website\"},\"primaryImageOfPage\":{\"@id\":\"https:\\\/\\\/premioluisvaltuena.org\\\/en\\\/finalistas\\\/2007\\\/eddie-gerald\\\/heart-of-darkness\\\/#primaryimage\"},\"image\":{\"@id\":\"https:\\\/\\\/premioluisvaltuena.org\\\/en\\\/finalistas\\\/2007\\\/eddie-gerald\\\/heart-of-darkness\\\/#primaryimage\"},\"thumbnailUrl\":\"https:\\\/\\\/premioluisvaltuena.org\\\/wp-content\\\/uploads\\\/2022\\\/01\\\/11_Seleccionado_EDDIE-GERALD_2007_web.jpg\",\"datePublished\":\"2022-01-19T18:16:03+00:00\",\"dateModified\":\"2022-01-21T15:22:41+00:00\",\"breadcrumb\":{\"@id\":\"https:\\\/\\\/premioluisvaltuena.org\\\/en\\\/finalistas\\\/2007\\\/eddie-gerald\\\/heart-of-darkness\\\/#breadcrumb\"},\"inLanguage\":\"en-US\",\"potentialAction\":[{\"@type\":\"ReadAction\",\"target\":[\"https:\\\/\\\/premioluisvaltuena.org\\\/en\\\/finalistas\\\/2007\\\/eddie-gerald\\\/heart-of-darkness\\\/\"]}]},{\"@type\":\"ImageObject\",\"inLanguage\":\"en-US\",\"@id\":\"https:\\\/\\\/premioluisvaltuena.org\\\/en\\\/finalistas\\\/2007\\\/eddie-gerald\\\/heart-of-darkness\\\/#primaryimage\",\"url\":\"https:\\\/\\\/premioluisvaltuena.org\\\/wp-content\\\/uploads\\\/2022\\\/01\\\/11_Seleccionado_EDDIE-GERALD_2007_web.jpg\",\"contentUrl\":\"https:\\\/\\\/premioluisvaltuena.org\\\/wp-content\\\/uploads\\\/2022\\\/01\\\/11_Seleccionado_EDDIE-GERALD_2007_web.jpg\",\"width\":1980,\"height\":1325,\"caption\":\"The conflict and violence that has consumed the Democratic Republic of Congo (DRC) for nearly a decade has killed more people every six months than were killed by the 2004 Indian Ocean tsunami. Estimates place total deaths at 4 million, although some experts say the figure is far higher.\"},{\"@type\":\"BreadcrumbList\",\"@id\":\"https:\\\/\\\/premioluisvaltuena.org\\\/en\\\/finalistas\\\/2007\\\/eddie-gerald\\\/heart-of-darkness\\\/#breadcrumb\",\"itemListElement\":[{\"@type\":\"ListItem\",\"position\":1,\"name\":\"Portada\",\"item\":\"https:\\\/\\\/premioluisvaltuena.org\\\/en\\\/\"},{\"@type\":\"ListItem\",\"position\":2,\"name\":\"Heart of darkness\"}]},{\"@type\":\"WebSite\",\"@id\":\"https:\\\/\\\/premioluisvaltuena.org\\\/#website\",\"url\":\"https:\\\/\\\/premioluisvaltuena.org\\\/\",\"name\":\"Premio Internacional Luis Valtue\u00f1a Fotograf\u00eda Humanitaria\",\"description\":\"\",\"publisher\":{\"@id\":\"https:\\\/\\\/premioluisvaltuena.org\\\/#organization\"},\"potentialAction\":[{\"@type\":\"SearchAction\",\"target\":{\"@type\":\"EntryPoint\",\"urlTemplate\":\"https:\\\/\\\/premioluisvaltuena.org\\\/?s={search_term_string}\"},\"query-input\":{\"@type\":\"PropertyValueSpecification\",\"valueRequired\":true,\"valueName\":\"search_term_string\"}}],\"inLanguage\":\"en-US\"},{\"@type\":\"Organization\",\"@id\":\"https:\\\/\\\/premioluisvaltuena.org\\\/#organization\",\"name\":\"Premio Internacional Luis Valtue\u00f1a Fotograf\u00eda Humanitaria\",\"url\":\"https:\\\/\\\/premioluisvaltuena.org\\\/\",\"logo\":{\"@type\":\"ImageObject\",\"inLanguage\":\"en-US\",\"@id\":\"https:\\\/\\\/premioluisvaltuena.org\\\/#\\\/schema\\\/logo\\\/image\\\/\",\"url\":\"https:\\\/\\\/premioluisvaltuena.org\\\/wp-content\\\/uploads\\\/2020\\\/08\\\/Logo-2020.png\",\"contentUrl\":\"https:\\\/\\\/premioluisvaltuena.org\\\/wp-content\\\/uploads\\\/2020\\\/08\\\/Logo-2020.png\",\"width\":1920,\"height\":1280,\"caption\":\"Premio Internacional Luis Valtue\u00f1a Fotograf\u00eda Humanitaria\"},\"image\":{\"@id\":\"https:\\\/\\\/premioluisvaltuena.org\\\/#\\\/schema\\\/logo\\\/image\\\/\"},\"sameAs\":[\"https:\\\/\\\/www.facebook.com\\\/premioluisvaltuena\\\/\",\"https:\\\/\\\/www.instagram.com\\\/premioluisvaltuena\\\/\",\"https:\\\/\\\/www.youtube.com\\\/playlist?list=PLXPK1-jJZbACLMAIKz7pej4avPCcdrmkn\",\"https:\\\/\\\/es.wikipedia.org\\\/wiki\\\/Premio_Internacional_Luis_Valtue\u00f1a_de_Fotograf\u00eda_Humanitaria\"]}]}<\/script>\n<!-- \/ Yoast SEO plugin. -->","yoast_head_json":{"title":"Eddie Gerald - Heart of darkness - Premio Luis Valtue\u00f1a","robots":{"index":"index","follow":"follow","max-snippet":"max-snippet:-1","max-image-preview":"max-image-preview:large","max-video-preview":"max-video-preview:-1"},"canonical":"https:\/\/premioluisvaltuena.org\/en\/finalistas\/2007\/eddie-gerald\/heart-of-darkness\/","og_locale":"en_US","og_type":"article","og_title":"Eddie Gerald - Heart of darkness - Premio Luis Valtue\u00f1a","og_description":"The conflict and violence that has consumed the Democratic Republic of Congo (DRC) for more than a decade kill more people every six months than the 2004 Indian Ocean tsunami. Estimates put the death toll at four million, but experts say the figure is much higher. La RDC no recibi\u00f3 la atenci\u00f3n que merece, ni","og_url":"https:\/\/premioluisvaltuena.org\/en\/finalistas\/2007\/eddie-gerald\/heart-of-darkness\/","og_site_name":"Premio Luis Valtue\u00f1a","article_publisher":"https:\/\/www.facebook.com\/premioluisvaltuena\/","article_modified_time":"2022-01-21T15:22:41+00:00","og_image":[{"width":1980,"height":1325,"url":"https:\/\/premioluisvaltuena.org\/wp-content\/uploads\/2022\/01\/11_Seleccionado_EDDIE-GERALD_2007_web.jpg","type":"image\/jpeg"}],"twitter_card":"summary_large_image","twitter_misc":{"Est. reading time":"1 minute"},"schema":{"@context":"https:\/\/schema.org","@graph":[{"@type":"WebPage","@id":"https:\/\/premioluisvaltuena.org\/en\/finalistas\/2007\/eddie-gerald\/heart-of-darkness\/","url":"https:\/\/premioluisvaltuena.org\/en\/finalistas\/2007\/eddie-gerald\/heart-of-darkness\/","name":"Eddie Gerald - Heart of darkness - Premio Luis Valtue\u00f1a","isPartOf":{"@id":"https:\/\/premioluisvaltuena.org\/#website"},"primaryImageOfPage":{"@id":"https:\/\/premioluisvaltuena.org\/en\/finalistas\/2007\/eddie-gerald\/heart-of-darkness\/#primaryimage"},"image":{"@id":"https:\/\/premioluisvaltuena.org\/en\/finalistas\/2007\/eddie-gerald\/heart-of-darkness\/#primaryimage"},"thumbnailUrl":"https:\/\/premioluisvaltuena.org\/wp-content\/uploads\/2022\/01\/11_Seleccionado_EDDIE-GERALD_2007_web.jpg","datePublished":"2022-01-19T18:16:03+00:00","dateModified":"2022-01-21T15:22:41+00:00","breadcrumb":{"@id":"https:\/\/premioluisvaltuena.org\/en\/finalistas\/2007\/eddie-gerald\/heart-of-darkness\/#breadcrumb"},"inLanguage":"en-US","potentialAction":[{"@type":"ReadAction","target":["https:\/\/premioluisvaltuena.org\/en\/finalistas\/2007\/eddie-gerald\/heart-of-darkness\/"]}]},{"@type":"ImageObject","inLanguage":"en-US","@id":"https:\/\/premioluisvaltuena.org\/en\/finalistas\/2007\/eddie-gerald\/heart-of-darkness\/#primaryimage","url":"https:\/\/premioluisvaltuena.org\/wp-content\/uploads\/2022\/01\/11_Seleccionado_EDDIE-GERALD_2007_web.jpg","contentUrl":"https:\/\/premioluisvaltuena.org\/wp-content\/uploads\/2022\/01\/11_Seleccionado_EDDIE-GERALD_2007_web.jpg","width":1980,"height":1325,"caption":"The conflict and violence that has consumed the Democratic Republic of Congo (DRC) for nearly a decade has killed more people every six months than were killed by the 2004 Indian Ocean tsunami. Estimates place total deaths at 4 million, although some experts say the figure is far higher."},{"@type":"BreadcrumbList","@id":"https:\/\/premioluisvaltuena.org\/en\/finalistas\/2007\/eddie-gerald\/heart-of-darkness\/#breadcrumb","itemListElement":[{"@type":"ListItem","position":1,"name":"Portada","item":"https:\/\/premioluisvaltuena.org\/en\/"},{"@type":"ListItem","position":2,"name":"Heart of darkness"}]},{"@type":"WebSite","@id":"https:\/\/premioluisvaltuena.org\/#website","url":"https:\/\/premioluisvaltuena.org\/","name":"Premio Internacional Luis Valtue\u00f1a Fotograf\u00eda Humanitaria","description":"","publisher":{"@id":"https:\/\/premioluisvaltuena.org\/#organization"},"potentialAction":[{"@type":"SearchAction","target":{"@type":"EntryPoint","urlTemplate":"https:\/\/premioluisvaltuena.org\/?s={search_term_string}"},"query-input":{"@type":"PropertyValueSpecification","valueRequired":true,"valueName":"search_term_string"}}],"inLanguage":"en-US"},{"@type":"Organization","@id":"https:\/\/premioluisvaltuena.org\/#organization","name":"Premio Internacional Luis Valtue\u00f1a Fotograf\u00eda Humanitaria","url":"https:\/\/premioluisvaltuena.org\/","logo":{"@type":"ImageObject","inLanguage":"en-US","@id":"https:\/\/premioluisvaltuena.org\/#\/schema\/logo\/image\/","url":"https:\/\/premioluisvaltuena.org\/wp-content\/uploads\/2020\/08\/Logo-2020.png","contentUrl":"https:\/\/premioluisvaltuena.org\/wp-content\/uploads\/2020\/08\/Logo-2020.png","width":1920,"height":1280,"caption":"Premio Internacional Luis Valtue\u00f1a Fotograf\u00eda Humanitaria"},"image":{"@id":"https:\/\/premioluisvaltuena.org\/#\/schema\/logo\/image\/"},"sameAs":["https:\/\/www.facebook.com\/premioluisvaltuena\/","https:\/\/www.instagram.com\/premioluisvaltuena\/","https:\/\/www.youtube.com\/playlist?list=PLXPK1-jJZbACLMAIKz7pej4avPCcdrmkn","https:\/\/es.wikipedia.org\/wiki\/Premio_Internacional_Luis_Valtue\u00f1a_de_Fotograf\u00eda_Humanitaria"]}]}},"_links":{"self":[{"href":"https:\/\/premioluisvaltuena.org\/en\/wp-json\/wp\/v2\/finalistas\/13256","targetHints":{"allow":["GET"]}}],"collection":[{"href":"https:\/\/premioluisvaltuena.org\/en\/wp-json\/wp\/v2\/finalistas"}],"about":[{"href":"https:\/\/premioluisvaltuena.org\/en\/wp-json\/wp\/v2\/types\/finalistas"}],"author":[{"embeddable":true,"href":"https:\/\/premioluisvaltuena.org\/en\/wp-json\/wp\/v2\/users\/129"}],"version-history":[{"count":4,"href":"https:\/\/premioluisvaltuena.org\/en\/wp-json\/wp\/v2\/finalistas\/13256\/revisions"}],"predecessor-version":[{"id":13267,"href":"https:\/\/premioluisvaltuena.org\/en\/wp-json\/wp\/v2\/finalistas\/13256\/revisions\/13267"}],"wp:featuredmedia":[{"embeddable":true,"href":"https:\/\/premioluisvaltuena.org\/en\/wp-json\/wp\/v2\/media\/13252"}],"wp:attachment":[{"href":"https:\/\/premioluisvaltuena.org\/en\/wp-json\/wp\/v2\/media?parent=13256"}],"wp:term":[{"taxonomy":"edicion","embeddable":true,"href":"https:\/\/premioluisvaltuena.org\/en\/wp-json\/wp\/v2\/edicion?post=13256"}],"curies":[{"name":"wp","href":"https:\/\/api.w.org\/{rel}","templated":true}]}}