{"id":12738,"date":"2021-12-30T18:43:45","date_gmt":"2021-12-30T18:43:45","guid":{"rendered":"https:\/\/premioluisvaltuena.org\/?post_type=finalistas&#038;p=12738"},"modified":"2021-12-30T18:49:01","modified_gmt":"2021-12-30T18:49:01","slug":"stray-bullets","status":"publish","type":"finalistas","link":"https:\/\/premioluisvaltuena.org\/en\/finalistas\/2005\/miguel-gomez\/stray-bullets\/","title":{"rendered":"Stray bullets"},"content":{"rendered":"\n<p>In April 2005, five-year-old Tania D\u00edaz was looking forward to her first year of school in Ban\u00ed &#8211; 85 kilometers west of Santo Domingo, Dominican Republic. Four months later, Tania, the eldest of three sisters, was sharing a classroom with children she didn&#8217;t know, children she would never see the faces of, teachers she could only identify by their voice<br>She could only identify them by their voice and dolls she could not identify by the color of their hair or the clothes they wore.<\/p>\n","protected":false},"excerpt":{"rendered":"<p>In April 2005, five-year-old Tania D\u00edaz was looking forward to her first year of school in Ban\u00ed &#8211; 85 kilometers west of Santo Domingo, Dominican Republic. Four months later, Tania, the eldest of three sisters, was sharing a classroom with children she didn&#8217;t know, children she would never see the faces of, teachers she could<\/p>\n","protected":false},"author":110,"featured_media":12731,"menu_order":163,"template":"","format":"standard","meta":{"_acf_changed":false,"inline_featured_image":false,"_monsterinsights_skip_tracking":false,"_monsterinsights_sitenote_active":false,"_monsterinsights_sitenote_note":"","_monsterinsights_sitenote_category":0,"footnotes":""},"edicion":[228],"class_list":["post-12738","finalistas","type-finalistas","status-publish","format-standard","has-post-thumbnail","hentry","edicion-228"],"acf":[],"yoast_head":"<!-- This site is optimized with the Yoast SEO plugin v27.4 - https:\/\/yoast.com\/product\/yoast-seo-wordpress\/ -->\n<title>Miguel G\u00f3mez - Stray bullets - Premio Luis Valtue\u00f1a<\/title>\n<meta name=\"robots\" content=\"index, follow, max-snippet:-1, max-image-preview:large, max-video-preview:-1\" \/>\n<link rel=\"canonical\" href=\"https:\/\/premioluisvaltuena.org\/en\/finalistas\/2005\/miguel-gomez\/stray-bullets\/\" \/>\n<meta property=\"og:locale\" content=\"en_US\" \/>\n<meta property=\"og:type\" content=\"article\" \/>\n<meta property=\"og:title\" content=\"Miguel G\u00f3mez - Stray bullets - Premio Luis Valtue\u00f1a\" \/>\n<meta property=\"og:description\" content=\"In April 2005, five-year-old Tania D\u00edaz was looking forward to her first year of school in Ban\u00ed &#8211; 85 kilometers west of Santo Domingo, Dominican Republic. Four months later, Tania, the eldest of three sisters, was sharing a classroom with children she didn&#8217;t know, children she would never see the faces of, teachers she could\" \/>\n<meta property=\"og:url\" content=\"https:\/\/premioluisvaltuena.org\/en\/finalistas\/2005\/miguel-gomez\/stray-bullets\/\" \/>\n<meta property=\"og:site_name\" content=\"Premio Luis Valtue\u00f1a\" \/>\n<meta property=\"article:publisher\" content=\"https:\/\/www.facebook.com\/premioluisvaltuena\/\" \/>\n<meta property=\"article:modified_time\" content=\"2021-12-30T18:49:01+00:00\" \/>\n<meta property=\"og:image\" content=\"https:\/\/premioluisvaltuena.org\/wp-content\/uploads\/2021\/12\/09_Seleccionado_Miguel-Gomez_2005-1_web.jpg\" \/>\n\t<meta property=\"og:image:width\" content=\"1980\" \/>\n\t<meta property=\"og:image:height\" content=\"1320\" \/>\n\t<meta property=\"og:image:type\" content=\"image\/jpeg\" \/>\n<meta name=\"twitter:card\" content=\"summary_large_image\" \/>\n<meta name=\"twitter:label1\" content=\"Est. reading time\" \/>\n\t<meta name=\"twitter:data1\" content=\"1 minute\" \/>\n<script type=\"application\/ld+json\" class=\"yoast-schema-graph\">{\"@context\":\"https:\\\/\\\/schema.org\",\"@graph\":[{\"@type\":\"WebPage\",\"@id\":\"https:\\\/\\\/premioluisvaltuena.org\\\/en\\\/finalistas\\\/2005\\\/miguel-gomez\\\/stray-bullets\\\/\",\"url\":\"https:\\\/\\\/premioluisvaltuena.org\\\/en\\\/finalistas\\\/2005\\\/miguel-gomez\\\/stray-bullets\\\/\",\"name\":\"Miguel G\u00f3mez - Stray bullets - Premio Luis Valtue\u00f1a\",\"isPartOf\":{\"@id\":\"https:\\\/\\\/premioluisvaltuena.org\\\/#website\"},\"primaryImageOfPage\":{\"@id\":\"https:\\\/\\\/premioluisvaltuena.org\\\/en\\\/finalistas\\\/2005\\\/miguel-gomez\\\/stray-bullets\\\/#primaryimage\"},\"image\":{\"@id\":\"https:\\\/\\\/premioluisvaltuena.org\\\/en\\\/finalistas\\\/2005\\\/miguel-gomez\\\/stray-bullets\\\/#primaryimage\"},\"thumbnailUrl\":\"https:\\\/\\\/premioluisvaltuena.org\\\/wp-content\\\/uploads\\\/2021\\\/12\\\/09_Seleccionado_Miguel-Gomez_2005-1_web.jpg\",\"datePublished\":\"2021-12-30T18:43:45+00:00\",\"dateModified\":\"2021-12-30T18:49:01+00:00\",\"breadcrumb\":{\"@id\":\"https:\\\/\\\/premioluisvaltuena.org\\\/en\\\/finalistas\\\/2005\\\/miguel-gomez\\\/stray-bullets\\\/#breadcrumb\"},\"inLanguage\":\"en-US\",\"potentialAction\":[{\"@type\":\"ReadAction\",\"target\":[\"https:\\\/\\\/premioluisvaltuena.org\\\/en\\\/finalistas\\\/2005\\\/miguel-gomez\\\/stray-bullets\\\/\"]}]},{\"@type\":\"ImageObject\",\"inLanguage\":\"en-US\",\"@id\":\"https:\\\/\\\/premioluisvaltuena.org\\\/en\\\/finalistas\\\/2005\\\/miguel-gomez\\\/stray-bullets\\\/#primaryimage\",\"url\":\"https:\\\/\\\/premioluisvaltuena.org\\\/wp-content\\\/uploads\\\/2021\\\/12\\\/09_Seleccionado_Miguel-Gomez_2005-1_web.jpg\",\"contentUrl\":\"https:\\\/\\\/premioluisvaltuena.org\\\/wp-content\\\/uploads\\\/2021\\\/12\\\/09_Seleccionado_Miguel-Gomez_2005-1_web.jpg\",\"width\":1980,\"height\":1320,\"caption\":\"Tania is the sixth victim of a stray bullet in 2005, in a list that already numbered 32 names in October 2005, according to unofficial figures. Gun ownership in the Dominican Republic is as entrenched in the population as it is in the United States. Police estimate that at least 75% of homicides in the country are committed with handguns, automatic rifles and even homemade shotguns.\"},{\"@type\":\"BreadcrumbList\",\"@id\":\"https:\\\/\\\/premioluisvaltuena.org\\\/en\\\/finalistas\\\/2005\\\/miguel-gomez\\\/stray-bullets\\\/#breadcrumb\",\"itemListElement\":[{\"@type\":\"ListItem\",\"position\":1,\"name\":\"Portada\",\"item\":\"https:\\\/\\\/premioluisvaltuena.org\\\/en\\\/\"},{\"@type\":\"ListItem\",\"position\":2,\"name\":\"Stray bullets\"}]},{\"@type\":\"WebSite\",\"@id\":\"https:\\\/\\\/premioluisvaltuena.org\\\/#website\",\"url\":\"https:\\\/\\\/premioluisvaltuena.org\\\/\",\"name\":\"Premio Internacional Luis Valtue\u00f1a Fotograf\u00eda Humanitaria\",\"description\":\"\",\"publisher\":{\"@id\":\"https:\\\/\\\/premioluisvaltuena.org\\\/#organization\"},\"potentialAction\":[{\"@type\":\"SearchAction\",\"target\":{\"@type\":\"EntryPoint\",\"urlTemplate\":\"https:\\\/\\\/premioluisvaltuena.org\\\/?s={search_term_string}\"},\"query-input\":{\"@type\":\"PropertyValueSpecification\",\"valueRequired\":true,\"valueName\":\"search_term_string\"}}],\"inLanguage\":\"en-US\"},{\"@type\":\"Organization\",\"@id\":\"https:\\\/\\\/premioluisvaltuena.org\\\/#organization\",\"name\":\"Premio Internacional Luis Valtue\u00f1a Fotograf\u00eda Humanitaria\",\"url\":\"https:\\\/\\\/premioluisvaltuena.org\\\/\",\"logo\":{\"@type\":\"ImageObject\",\"inLanguage\":\"en-US\",\"@id\":\"https:\\\/\\\/premioluisvaltuena.org\\\/#\\\/schema\\\/logo\\\/image\\\/\",\"url\":\"https:\\\/\\\/premioluisvaltuena.org\\\/wp-content\\\/uploads\\\/2020\\\/08\\\/Logo-2020.png\",\"contentUrl\":\"https:\\\/\\\/premioluisvaltuena.org\\\/wp-content\\\/uploads\\\/2020\\\/08\\\/Logo-2020.png\",\"width\":1920,\"height\":1280,\"caption\":\"Premio Internacional Luis Valtue\u00f1a Fotograf\u00eda Humanitaria\"},\"image\":{\"@id\":\"https:\\\/\\\/premioluisvaltuena.org\\\/#\\\/schema\\\/logo\\\/image\\\/\"},\"sameAs\":[\"https:\\\/\\\/www.facebook.com\\\/premioluisvaltuena\\\/\",\"https:\\\/\\\/www.instagram.com\\\/premioluisvaltuena\\\/\",\"https:\\\/\\\/www.youtube.com\\\/playlist?list=PLXPK1-jJZbACLMAIKz7pej4avPCcdrmkn\",\"https:\\\/\\\/es.wikipedia.org\\\/wiki\\\/Premio_Internacional_Luis_Valtue\u00f1a_de_Fotograf\u00eda_Humanitaria\"]}]}<\/script>\n<!-- \/ Yoast SEO plugin. -->","yoast_head_json":{"title":"Miguel G\u00f3mez - Stray bullets - Premio Luis Valtue\u00f1a","robots":{"index":"index","follow":"follow","max-snippet":"max-snippet:-1","max-image-preview":"max-image-preview:large","max-video-preview":"max-video-preview:-1"},"canonical":"https:\/\/premioluisvaltuena.org\/en\/finalistas\/2005\/miguel-gomez\/stray-bullets\/","og_locale":"en_US","og_type":"article","og_title":"Miguel G\u00f3mez - Stray bullets - Premio Luis Valtue\u00f1a","og_description":"In April 2005, five-year-old Tania D\u00edaz was looking forward to her first year of school in Ban\u00ed &#8211; 85 kilometers west of Santo Domingo, Dominican Republic. Four months later, Tania, the eldest of three sisters, was sharing a classroom with children she didn&#8217;t know, children she would never see the faces of, teachers she could","og_url":"https:\/\/premioluisvaltuena.org\/en\/finalistas\/2005\/miguel-gomez\/stray-bullets\/","og_site_name":"Premio Luis Valtue\u00f1a","article_publisher":"https:\/\/www.facebook.com\/premioluisvaltuena\/","article_modified_time":"2021-12-30T18:49:01+00:00","og_image":[{"width":1980,"height":1320,"url":"https:\/\/premioluisvaltuena.org\/wp-content\/uploads\/2021\/12\/09_Seleccionado_Miguel-Gomez_2005-1_web.jpg","type":"image\/jpeg"}],"twitter_card":"summary_large_image","twitter_misc":{"Est. reading time":"1 minute"},"schema":{"@context":"https:\/\/schema.org","@graph":[{"@type":"WebPage","@id":"https:\/\/premioluisvaltuena.org\/en\/finalistas\/2005\/miguel-gomez\/stray-bullets\/","url":"https:\/\/premioluisvaltuena.org\/en\/finalistas\/2005\/miguel-gomez\/stray-bullets\/","name":"Miguel G\u00f3mez - Stray bullets - Premio Luis Valtue\u00f1a","isPartOf":{"@id":"https:\/\/premioluisvaltuena.org\/#website"},"primaryImageOfPage":{"@id":"https:\/\/premioluisvaltuena.org\/en\/finalistas\/2005\/miguel-gomez\/stray-bullets\/#primaryimage"},"image":{"@id":"https:\/\/premioluisvaltuena.org\/en\/finalistas\/2005\/miguel-gomez\/stray-bullets\/#primaryimage"},"thumbnailUrl":"https:\/\/premioluisvaltuena.org\/wp-content\/uploads\/2021\/12\/09_Seleccionado_Miguel-Gomez_2005-1_web.jpg","datePublished":"2021-12-30T18:43:45+00:00","dateModified":"2021-12-30T18:49:01+00:00","breadcrumb":{"@id":"https:\/\/premioluisvaltuena.org\/en\/finalistas\/2005\/miguel-gomez\/stray-bullets\/#breadcrumb"},"inLanguage":"en-US","potentialAction":[{"@type":"ReadAction","target":["https:\/\/premioluisvaltuena.org\/en\/finalistas\/2005\/miguel-gomez\/stray-bullets\/"]}]},{"@type":"ImageObject","inLanguage":"en-US","@id":"https:\/\/premioluisvaltuena.org\/en\/finalistas\/2005\/miguel-gomez\/stray-bullets\/#primaryimage","url":"https:\/\/premioluisvaltuena.org\/wp-content\/uploads\/2021\/12\/09_Seleccionado_Miguel-Gomez_2005-1_web.jpg","contentUrl":"https:\/\/premioluisvaltuena.org\/wp-content\/uploads\/2021\/12\/09_Seleccionado_Miguel-Gomez_2005-1_web.jpg","width":1980,"height":1320,"caption":"Tania is the sixth victim of a stray bullet in 2005, in a list that already numbered 32 names in October 2005, according to unofficial figures. Gun ownership in the Dominican Republic is as entrenched in the population as it is in the United States. Police estimate that at least 75% of homicides in the country are committed with handguns, automatic rifles and even homemade shotguns."},{"@type":"BreadcrumbList","@id":"https:\/\/premioluisvaltuena.org\/en\/finalistas\/2005\/miguel-gomez\/stray-bullets\/#breadcrumb","itemListElement":[{"@type":"ListItem","position":1,"name":"Portada","item":"https:\/\/premioluisvaltuena.org\/en\/"},{"@type":"ListItem","position":2,"name":"Stray bullets"}]},{"@type":"WebSite","@id":"https:\/\/premioluisvaltuena.org\/#website","url":"https:\/\/premioluisvaltuena.org\/","name":"Premio Internacional Luis Valtue\u00f1a Fotograf\u00eda Humanitaria","description":"","publisher":{"@id":"https:\/\/premioluisvaltuena.org\/#organization"},"potentialAction":[{"@type":"SearchAction","target":{"@type":"EntryPoint","urlTemplate":"https:\/\/premioluisvaltuena.org\/?s={search_term_string}"},"query-input":{"@type":"PropertyValueSpecification","valueRequired":true,"valueName":"search_term_string"}}],"inLanguage":"en-US"},{"@type":"Organization","@id":"https:\/\/premioluisvaltuena.org\/#organization","name":"Premio Internacional Luis Valtue\u00f1a Fotograf\u00eda Humanitaria","url":"https:\/\/premioluisvaltuena.org\/","logo":{"@type":"ImageObject","inLanguage":"en-US","@id":"https:\/\/premioluisvaltuena.org\/#\/schema\/logo\/image\/","url":"https:\/\/premioluisvaltuena.org\/wp-content\/uploads\/2020\/08\/Logo-2020.png","contentUrl":"https:\/\/premioluisvaltuena.org\/wp-content\/uploads\/2020\/08\/Logo-2020.png","width":1920,"height":1280,"caption":"Premio Internacional Luis Valtue\u00f1a Fotograf\u00eda Humanitaria"},"image":{"@id":"https:\/\/premioluisvaltuena.org\/#\/schema\/logo\/image\/"},"sameAs":["https:\/\/www.facebook.com\/premioluisvaltuena\/","https:\/\/www.instagram.com\/premioluisvaltuena\/","https:\/\/www.youtube.com\/playlist?list=PLXPK1-jJZbACLMAIKz7pej4avPCcdrmkn","https:\/\/es.wikipedia.org\/wiki\/Premio_Internacional_Luis_Valtue\u00f1a_de_Fotograf\u00eda_Humanitaria"]}]}},"_links":{"self":[{"href":"https:\/\/premioluisvaltuena.org\/en\/wp-json\/wp\/v2\/finalistas\/12738","targetHints":{"allow":["GET"]}}],"collection":[{"href":"https:\/\/premioluisvaltuena.org\/en\/wp-json\/wp\/v2\/finalistas"}],"about":[{"href":"https:\/\/premioluisvaltuena.org\/en\/wp-json\/wp\/v2\/types\/finalistas"}],"author":[{"embeddable":true,"href":"https:\/\/premioluisvaltuena.org\/en\/wp-json\/wp\/v2\/users\/110"}],"version-history":[{"count":5,"href":"https:\/\/premioluisvaltuena.org\/en\/wp-json\/wp\/v2\/finalistas\/12738\/revisions"}],"predecessor-version":[{"id":12744,"href":"https:\/\/premioluisvaltuena.org\/en\/wp-json\/wp\/v2\/finalistas\/12738\/revisions\/12744"}],"wp:featuredmedia":[{"embeddable":true,"href":"https:\/\/premioluisvaltuena.org\/en\/wp-json\/wp\/v2\/media\/12731"}],"wp:attachment":[{"href":"https:\/\/premioluisvaltuena.org\/en\/wp-json\/wp\/v2\/media?parent=12738"}],"wp:term":[{"taxonomy":"edicion","embeddable":true,"href":"https:\/\/premioluisvaltuena.org\/en\/wp-json\/wp\/v2\/edicion?post=12738"}],"curies":[{"name":"wp","href":"https:\/\/api.w.org\/{rel}","templated":true}]}}